{"id":144,"date":"2020-08-31T17:58:00","date_gmt":"2020-08-31T17:58:00","guid":{"rendered":"https:\/\/trotzdem.org\/?page_id=144"},"modified":"2022-07-21T11:31:30","modified_gmt":"2022-07-21T11:31:30","slug":"helga-rohra-trotzdem-copy","status":"publish","type":"page","link":"https:\/\/trotzdem.org\/","title":{"rendered":"Helga Rohra &#8211; trotzDEM &#8211; Demenz &#8211; Aktivistin"},"content":{"rendered":"\t\t<div data-elementor-type=\"wp-page\" data-elementor-id=\"144\" class=\"elementor elementor-144\">\n\t\t\t\t\t\t<div class=\"elementor-inner\">\n\t\t\t\t<div class=\"elementor-section-wrap\">\n\t\t\t\t\t\t\t\t\t<section class=\"elementor-section elementor-top-section elementor-element elementor-element-55ebdc55 elementor-section-boxed elementor-section-height-default elementor-section-height-default\" data-id=\"55ebdc55\" data-element_type=\"section\" data-settings=\"{&quot;background_background&quot;:&quot;slideshow&quot;,&quot;background_slideshow_gallery&quot;:[{&quot;id&quot;:145,&quot;url&quot;:&quot;https:\\\/\\\/trotzdem.org\\\/wp-content\\\/uploads\\\/2020\\\/07\\\/107715551_726084721489772_561489889701469882_n.jpg&quot;},{&quot;id&quot;:149,&quot;url&quot;:&quot;https:\\\/\\\/trotzdem.org\\\/wp-content\\\/uploads\\\/2020\\\/07\\\/107915783_311646156745605_7705634714376608966_n.jpg&quot;},{&quot;id&quot;:150,&quot;url&quot;:&quot;https:\\\/\\\/trotzdem.org\\\/wp-content\\\/uploads\\\/2020\\\/07\\\/108139073_609929542834120_2520554454205935351_n.jpg&quot;}],&quot;background_slideshow_transition_duration&quot;:2000,&quot;background_slideshow_loop&quot;:&quot;yes&quot;,&quot;background_slideshow_slide_duration&quot;:5000,&quot;background_slideshow_slide_transition&quot;:&quot;fade&quot;}\">\n\t\t\t\t\t\t\t<div class=\"elementor-background-overlay\"><\/div>\n\t\t\t\t\t\t\t<div class=\"elementor-container elementor-column-gap-no\">\n\t\t\t\t\t\t\t<div class=\"elementor-row\">\n\t\t\t\t\t<div class=\"elementor-column elementor-col-50 elementor-top-column elementor-element elementor-element-7e99b13d\" data-id=\"7e99b13d\" data-element_type=\"column\">\n\t\t\t<div class=\"elementor-column-wrap elementor-element-populated\">\n\t\t\t\t\t\t\t<div class=\"elementor-widget-wrap\">\n\t\t\t\t\t\t<div class=\"elementor-element elementor-element-b9d24ac elementor-widget elementor-widget-image\" data-id=\"b9d24ac\" data-element_type=\"widget\" data-settings=\"{&quot;_animation&quot;:&quot;none&quot;}\" data-widget_type=\"image.default\">\n\t\t\t\t<div class=\"elementor-widget-container\">\n\t\t\t\t\t\t\t\t<div class=\"elementor-image\">\n\t\t\t\t\t\t\t\t\t\t\t\t<img width=\"800\" height=\"346\" src=\"https:\/\/trotzdem.org\/wp-content\/uploads\/2020\/06\/trotzDEM_Logo-1024x443.png\" class=\"attachment-large size-large\" alt=\"Helga Rohra - trotzDEM\" loading=\"lazy\" srcset=\"https:\/\/trotzdem.org\/wp-content\/uploads\/2020\/06\/trotzDEM_Logo-1024x443.png 1024w, https:\/\/trotzdem.org\/wp-content\/uploads\/2020\/06\/trotzDEM_Logo-300x130.png 300w, https:\/\/trotzdem.org\/wp-content\/uploads\/2020\/06\/trotzDEM_Logo-768x332.png 768w, https:\/\/trotzdem.org\/wp-content\/uploads\/2020\/06\/trotzDEM_Logo-1536x664.png 1536w, https:\/\/trotzdem.org\/wp-content\/uploads\/2020\/06\/trotzDEM_Logo.png 2000w\" sizes=\"(max-width: 800px) 100vw, 800px\" \/>\t\t\t\t\t\t\t\t\t\t\t\t\t\t<\/div>\n\t\t\t\t\t\t<\/div>\n\t\t\t\t<\/div>\n\t\t\t\t<div class=\"elementor-element elementor-element-730c5686 elementor-invisible elementor-widget elementor-widget-heading\" data-id=\"730c5686\" data-element_type=\"widget\" data-settings=\"{&quot;_animation&quot;:&quot;fadeIn&quot;}\" data-widget_type=\"heading.default\">\n\t\t\t\t<div class=\"elementor-widget-container\">\n\t\t\t<h1 class=\"elementor-heading-title elementor-size-default\">Helga Rohra<\/h1>\t\t<\/div>\n\t\t\t\t<\/div>\n\t\t\t\t<div class=\"elementor-element elementor-element-4bf709a elementor-invisible elementor-widget elementor-widget-text-editor\" data-id=\"4bf709a\" data-element_type=\"widget\" data-settings=\"{&quot;_animation&quot;:&quot;fadeInLeft&quot;}\" data-widget_type=\"text-editor.default\">\n\t\t\t\t<div class=\"elementor-widget-container\">\n\t\t\t\t\t\t\t\t<div class=\"elementor-text-editor elementor-clearfix\">\n\t\t\t\t<p>Demenzbetroffene<\/p><p><span style=\"color: #eb1717;\">Beratung<\/span><\/p><p>Autorin<br \/>Speaker<\/p>\t\t\t\t\t<\/div>\n\t\t\t\t\t\t<\/div>\n\t\t\t\t<\/div>\n\t\t\t\t<div class=\"elementor-element elementor-element-3dae418f elementor-hidden-phone elementor-icon-list--layout-traditional elementor-list-item-link-full_width elementor-widget elementor-widget-icon-list\" data-id=\"3dae418f\" data-element_type=\"widget\" data-settings=\"{&quot;_animation&quot;:&quot;none&quot;}\" data-widget_type=\"icon-list.default\">\n\t\t\t\t<div class=\"elementor-widget-container\">\n\t\t\t\t\t<ul class=\"elementor-icon-list-items\">\n\t\t\t\t\t\t\t<li class=\"elementor-icon-list-item\">\n\t\t\t\t\t\t\t\t\t\t\t<span class=\"elementor-icon-list-icon\">\n\t\t\t\t\t\t\t<i aria-hidden=\"true\" class=\"fas fa-check-circle\"><\/i>\t\t\t\t\t\t<\/span>\n\t\t\t\t\t\t\t\t\t\t<span class=\"elementor-icon-list-text\">Ja zum Leben trotzDEM<\/span>\n\t\t\t\t\t\t\t\t\t<\/li>\n\t\t\t\t\t\t\t\t<li class=\"elementor-icon-list-item\">\n\t\t\t\t\t\t\t\t\t\t\t<span class=\"elementor-icon-list-icon\">\n\t\t\t\t\t\t\t<i aria-hidden=\"true\" class=\"fas fa-check-circle\"><\/i>\t\t\t\t\t\t<\/span>\n\t\t\t\t\t\t\t\t\t\t<span class=\"elementor-icon-list-text\">Gedanken und Gef\u00fchlswelt - in echt<\/span>\n\t\t\t\t\t\t\t\t\t<\/li>\n\t\t\t\t\t\t\t\t<li class=\"elementor-icon-list-item\">\n\t\t\t\t\t\t\t\t\t\t\t<span class=\"elementor-icon-list-icon\">\n\t\t\t\t\t\t\t<i aria-hidden=\"true\" class=\"fas fa-check-circle\"><\/i>\t\t\t\t\t\t<\/span>\n\t\t\t\t\t\t\t\t\t\t<span class=\"elementor-icon-list-text\">Mit uns - nicht \u00fcber uns!<\/span>\n\t\t\t\t\t\t\t\t\t<\/li>\n\t\t\t\t\t\t<\/ul>\n\t\t\t\t<\/div>\n\t\t\t\t<\/div>\n\t\t\t\t<div class=\"elementor-element elementor-element-2c6d9f57 elementor-mobile-align-center elementor-align-left elementor-invisible elementor-widget elementor-widget-button\" data-id=\"2c6d9f57\" data-element_type=\"widget\" data-settings=\"{&quot;_animation&quot;:&quot;zoomIn&quot;}\" data-widget_type=\"button.default\">\n\t\t\t\t<div class=\"elementor-widget-container\">\n\t\t\t\t\t<div class=\"elementor-button-wrapper\">\n\t\t\t<a href=\"#elementor-action%3Aaction%3Dpopup%3Aopen%26settings%3DeyJpZCI6IjIzMyIsInRvZ2dsZSI6ZmFsc2V9\" class=\"elementor-button-link elementor-button elementor-size-lg elementor-animation-grow\" role=\"button\">\n\t\t\t\t\t\t<span class=\"elementor-button-content-wrapper\">\n\t\t\t\t\t\t<span class=\"elementor-button-text\">Anfrage & Kontakt<\/span>\n\t\t<\/span>\n\t\t\t\t\t<\/a>\n\t\t<\/div>\n\t\t\t\t<\/div>\n\t\t\t\t<\/div>\n\t\t\t\t<div class=\"elementor-element elementor-element-54c8eaf elementor-widget elementor-widget-spacer\" data-id=\"54c8eaf\" data-element_type=\"widget\" data-widget_type=\"spacer.default\">\n\t\t\t\t<div class=\"elementor-widget-container\">\n\t\t\t\t\t<div class=\"elementor-spacer\">\n\t\t\t<div class=\"elementor-spacer-inner\"><\/div>\n\t\t<\/div>\n\t\t\t\t<\/div>\n\t\t\t\t<\/div>\n\t\t\t\t\t\t<\/div>\n\t\t\t\t\t<\/div>\n\t\t<\/div>\n\t\t\t\t<div class=\"elementor-column elementor-col-50 elementor-top-column elementor-element elementor-element-4254b8dd\" data-id=\"4254b8dd\" data-element_type=\"column\">\n\t\t\t<div class=\"elementor-column-wrap\">\n\t\t\t\t\t\t\t<div class=\"elementor-widget-wrap\">\n\t\t\t\t\t\t\t\t<\/div>\n\t\t\t\t\t<\/div>\n\t\t<\/div>\n\t\t\t\t\t\t\t\t<\/div>\n\t\t\t\t\t<\/div>\n\t\t<\/section>\n\t\t\t\t<section class=\"elementor-section elementor-top-section elementor-element elementor-element-84b0a74 elementor-section-full_width elementor-section-height-default elementor-section-height-default\" data-id=\"84b0a74\" data-element_type=\"section\" data-settings=\"{&quot;background_background&quot;:&quot;classic&quot;}\">\n\t\t\t\t\t\t<div class=\"elementor-container elementor-column-gap-default\">\n\t\t\t\t\t\t\t<div class=\"elementor-row\">\n\t\t\t\t\t<div class=\"elementor-column elementor-col-25 elementor-top-column elementor-element elementor-element-042e32d\" data-id=\"042e32d\" data-element_type=\"column\">\n\t\t\t<div class=\"elementor-column-wrap elementor-element-populated\">\n\t\t\t\t\t\t\t<div class=\"elementor-widget-wrap\">\n\t\t\t\t\t\t<div class=\"elementor-element elementor-element-01c1dad elementor-view-default elementor-widget elementor-widget-icon\" data-id=\"01c1dad\" data-element_type=\"widget\" data-widget_type=\"icon.default\">\n\t\t\t\t<div class=\"elementor-widget-container\">\n\t\t\t\t\t<div class=\"elementor-icon-wrapper\">\n\t\t\t<div class=\"elementor-icon\">\n\t\t\t<i aria-hidden=\"true\" class=\"far fa-comment-dots\"><\/i>\t\t\t<\/div>\n\t\t<\/div>\n\t\t\t\t<\/div>\n\t\t\t\t<\/div>\n\t\t\t\t<div class=\"elementor-element elementor-element-a7ddefd elementor-widget elementor-widget-text-editor\" data-id=\"a7ddefd\" data-element_type=\"widget\" data-widget_type=\"text-editor.default\">\n\t\t\t\t<div class=\"elementor-widget-container\">\n\t\t\t\t\t\t\t\t<div class=\"elementor-text-editor elementor-clearfix\">\n\t\t\t\t<p>Beratung<\/p>\t\t\t\t\t<\/div>\n\t\t\t\t\t\t<\/div>\n\t\t\t\t<\/div>\n\t\t\t\t<div class=\"elementor-element elementor-element-0678ff2 elementor-widget elementor-widget-text-editor\" data-id=\"0678ff2\" data-element_type=\"widget\" data-widget_type=\"text-editor.default\">\n\t\t\t\t<div class=\"elementor-widget-container\">\n\t\t\t\t\t\t\t\t<div class=\"elementor-text-editor elementor-clearfix\">\n\t\t\t\t<p>Individuelles Choaching f\u00fcr Sie!<\/p>\t\t\t\t\t<\/div>\n\t\t\t\t\t\t<\/div>\n\t\t\t\t<\/div>\n\t\t\t\t<div class=\"elementor-element elementor-element-821d41a elementor-align-center elementor-widget elementor-widget-button\" data-id=\"821d41a\" data-element_type=\"widget\" data-widget_type=\"button.default\">\n\t\t\t\t<div class=\"elementor-widget-container\">\n\t\t\t\t\t<div class=\"elementor-button-wrapper\">\n\t\t\t<a href=\"#beratung\" class=\"elementor-button-link elementor-button elementor-size-sm\" role=\"button\">\n\t\t\t\t\t\t<span class=\"elementor-button-content-wrapper\">\n\t\t\t\t\t\t<span class=\"elementor-button-text\">Mehr erfahren<\/span>\n\t\t<\/span>\n\t\t\t\t\t<\/a>\n\t\t<\/div>\n\t\t\t\t<\/div>\n\t\t\t\t<\/div>\n\t\t\t\t\t\t<\/div>\n\t\t\t\t\t<\/div>\n\t\t<\/div>\n\t\t\t\t<div class=\"elementor-column elementor-col-25 elementor-top-column elementor-element elementor-element-10be754\" data-id=\"10be754\" data-element_type=\"column\">\n\t\t\t<div class=\"elementor-column-wrap elementor-element-populated\">\n\t\t\t\t\t\t\t<div class=\"elementor-widget-wrap\">\n\t\t\t\t\t\t<div class=\"elementor-element elementor-element-c698b75 elementor-view-default elementor-widget elementor-widget-icon\" data-id=\"c698b75\" data-element_type=\"widget\" data-widget_type=\"icon.default\">\n\t\t\t\t<div class=\"elementor-widget-container\">\n\t\t\t\t\t<div class=\"elementor-icon-wrapper\">\n\t\t\t<div class=\"elementor-icon\">\n\t\t\t<i aria-hidden=\"true\" class=\"far fa-comment-dots\"><\/i>\t\t\t<\/div>\n\t\t<\/div>\n\t\t\t\t<\/div>\n\t\t\t\t<\/div>\n\t\t\t\t<div class=\"elementor-element elementor-element-57fe008 elementor-widget elementor-widget-text-editor\" data-id=\"57fe008\" data-element_type=\"widget\" data-widget_type=\"text-editor.default\">\n\t\t\t\t<div class=\"elementor-widget-container\">\n\t\t\t\t\t\t\t\t<div class=\"elementor-text-editor elementor-clearfix\">\n\t\t\t\t<p>Vortr\u00e4ge<\/p>\t\t\t\t\t<\/div>\n\t\t\t\t\t\t<\/div>\n\t\t\t\t<\/div>\n\t\t\t\t<div class=\"elementor-element elementor-element-272e9ce elementor-widget elementor-widget-text-editor\" data-id=\"272e9ce\" data-element_type=\"widget\" data-widget_type=\"text-editor.default\">\n\t\t\t\t<div class=\"elementor-widget-container\">\n\t\t\t\t\t\t\t\t<div class=\"elementor-text-editor elementor-clearfix\">\n\t\t\t\t<p>Aktuelle Vortr\u00e4ge und Termine<\/p>\t\t\t\t\t<\/div>\n\t\t\t\t\t\t<\/div>\n\t\t\t\t<\/div>\n\t\t\t\t<div class=\"elementor-element elementor-element-8281c35 elementor-align-center elementor-widget elementor-widget-button\" data-id=\"8281c35\" data-element_type=\"widget\" data-widget_type=\"button.default\">\n\t\t\t\t<div class=\"elementor-widget-container\">\n\t\t\t\t\t<div class=\"elementor-button-wrapper\">\n\t\t\t<a href=\"#termine\" class=\"elementor-button-link elementor-button elementor-size-sm\" role=\"button\">\n\t\t\t\t\t\t<span class=\"elementor-button-content-wrapper\">\n\t\t\t\t\t\t<span class=\"elementor-button-text\">Mehr erfahren<\/span>\n\t\t<\/span>\n\t\t\t\t\t<\/a>\n\t\t<\/div>\n\t\t\t\t<\/div>\n\t\t\t\t<\/div>\n\t\t\t\t\t\t<\/div>\n\t\t\t\t\t<\/div>\n\t\t<\/div>\n\t\t\t\t<div class=\"elementor-column elementor-col-25 elementor-top-column elementor-element elementor-element-a8a865a\" data-id=\"a8a865a\" data-element_type=\"column\">\n\t\t\t<div class=\"elementor-column-wrap elementor-element-populated\">\n\t\t\t\t\t\t\t<div class=\"elementor-widget-wrap\">\n\t\t\t\t\t\t<div class=\"elementor-element elementor-element-d73f7c2 elementor-widget elementor-widget-text-editor\" data-id=\"d73f7c2\" data-element_type=\"widget\" data-widget_type=\"text-editor.default\">\n\t\t\t\t<div class=\"elementor-widget-container\">\n\t\t\t\t\t\t\t\t<div class=\"elementor-text-editor elementor-clearfix\">\n\t\t\t\ttrotz<span style=\"font-size: 54px;\">DEM<\/span>\t\t\t\t\t<\/div>\n\t\t\t\t\t\t<\/div>\n\t\t\t\t<\/div>\n\t\t\t\t<div class=\"elementor-element elementor-element-a3dc094 elementor-widget elementor-widget-text-editor\" data-id=\"a3dc094\" data-element_type=\"widget\" data-widget_type=\"text-editor.default\">\n\t\t\t\t<div class=\"elementor-widget-container\">\n\t\t\t\t\t\t\t\t<div class=\"elementor-text-editor elementor-clearfix\">\n\t\t\t\t<p>\u00dcber mich und das Leben mit Demenz<\/p>\t\t\t\t\t<\/div>\n\t\t\t\t\t\t<\/div>\n\t\t\t\t<\/div>\n\t\t\t\t<div class=\"elementor-element elementor-element-06af73a elementor-align-center elementor-widget elementor-widget-button\" data-id=\"06af73a\" data-element_type=\"widget\" data-widget_type=\"button.default\">\n\t\t\t\t<div class=\"elementor-widget-container\">\n\t\t\t\t\t<div class=\"elementor-button-wrapper\">\n\t\t\t<a href=\"#ueber\" class=\"elementor-button-link elementor-button elementor-size-sm\" role=\"button\">\n\t\t\t\t\t\t<span class=\"elementor-button-content-wrapper\">\n\t\t\t\t\t\t<span class=\"elementor-button-text\">Mehr erfahren<\/span>\n\t\t<\/span>\n\t\t\t\t\t<\/a>\n\t\t<\/div>\n\t\t\t\t<\/div>\n\t\t\t\t<\/div>\n\t\t\t\t\t\t<\/div>\n\t\t\t\t\t<\/div>\n\t\t<\/div>\n\t\t\t\t<div class=\"elementor-column elementor-col-25 elementor-top-column elementor-element elementor-element-6faaa43\" data-id=\"6faaa43\" data-element_type=\"column\">\n\t\t\t<div class=\"elementor-column-wrap elementor-element-populated\">\n\t\t\t\t\t\t\t<div class=\"elementor-widget-wrap\">\n\t\t\t\t\t\t<div class=\"elementor-element elementor-element-1b4d234 elementor-view-default elementor-widget elementor-widget-icon\" data-id=\"1b4d234\" data-element_type=\"widget\" data-widget_type=\"icon.default\">\n\t\t\t\t<div class=\"elementor-widget-container\">\n\t\t\t\t\t<div class=\"elementor-icon-wrapper\">\n\t\t\t<div class=\"elementor-icon\">\n\t\t\t<i aria-hidden=\"true\" class=\"fas fa-gift\"><\/i>\t\t\t<\/div>\n\t\t<\/div>\n\t\t\t\t<\/div>\n\t\t\t\t<\/div>\n\t\t\t\t<div class=\"elementor-element elementor-element-667bcb0 elementor-widget elementor-widget-text-editor\" data-id=\"667bcb0\" data-element_type=\"widget\" data-widget_type=\"text-editor.default\">\n\t\t\t\t<div class=\"elementor-widget-container\">\n\t\t\t\t\t\t\t\t<div class=\"elementor-text-editor elementor-clearfix\">\n\t\t\t\t<p>Benefits<\/p>\t\t\t\t\t<\/div>\n\t\t\t\t\t\t<\/div>\n\t\t\t\t<\/div>\n\t\t\t\t<div class=\"elementor-element elementor-element-28656d4 elementor-widget elementor-widget-text-editor\" data-id=\"28656d4\" data-element_type=\"widget\" data-widget_type=\"text-editor.default\">\n\t\t\t\t<div class=\"elementor-widget-container\">\n\t\t\t\t\t\t\t\t<div class=\"elementor-text-editor elementor-clearfix\">\n\t\t\t\t<p>Finden Sie demn\u00e4chst auf unserer Seite!<\/p>\t\t\t\t\t<\/div>\n\t\t\t\t\t\t<\/div>\n\t\t\t\t<\/div>\n\t\t\t\t\t\t<\/div>\n\t\t\t\t\t<\/div>\n\t\t<\/div>\n\t\t\t\t\t\t\t\t<\/div>\n\t\t\t\t\t<\/div>\n\t\t<\/section>\n\t\t\t\t<section class=\"elementor-section elementor-top-section elementor-element elementor-element-2a55c05 elementor-section-boxed elementor-section-height-default elementor-section-height-default\" data-id=\"2a55c05\" data-element_type=\"section\">\n\t\t\t\t\t\t<div class=\"elementor-container elementor-column-gap-default\">\n\t\t\t\t\t\t\t<div class=\"elementor-row\">\n\t\t\t\t\t<div class=\"elementor-column elementor-col-100 elementor-top-column elementor-element elementor-element-e8fa1c1\" data-id=\"e8fa1c1\" data-element_type=\"column\">\n\t\t\t<div class=\"elementor-column-wrap elementor-element-populated\">\n\t\t\t\t\t\t\t<div class=\"elementor-widget-wrap\">\n\t\t\t\t\t\t<div class=\"elementor-element elementor-element-4010690 elementor-widget elementor-widget-menu-anchor\" data-id=\"4010690\" data-element_type=\"widget\" data-widget_type=\"menu-anchor.default\">\n\t\t\t\t<div class=\"elementor-widget-container\">\n\t\t\t\t\t<div id=\"ueber\" class=\"elementor-menu-anchor\"><\/div>\n\t\t\t\t<\/div>\n\t\t\t\t<\/div>\n\t\t\t\t\t\t<\/div>\n\t\t\t\t\t<\/div>\n\t\t<\/div>\n\t\t\t\t\t\t\t\t<\/div>\n\t\t\t\t\t<\/div>\n\t\t<\/section>\n\t\t\t\t<section class=\"elementor-section elementor-top-section elementor-element elementor-element-745c8678 elementor-section-content-middle elementor-reverse-mobile elementor-section-boxed elementor-section-height-default elementor-section-height-default\" data-id=\"745c8678\" data-element_type=\"section\" data-settings=\"{&quot;background_background&quot;:&quot;classic&quot;}\">\n\t\t\t\t\t\t<div class=\"elementor-container elementor-column-gap-no\">\n\t\t\t\t\t\t\t<div class=\"elementor-row\">\n\t\t\t\t\t<div class=\"elementor-column elementor-col-50 elementor-top-column elementor-element elementor-element-3171cc39\" data-id=\"3171cc39\" data-element_type=\"column\">\n\t\t\t<div class=\"elementor-column-wrap elementor-element-populated\">\n\t\t\t\t\t\t\t<div class=\"elementor-widget-wrap\">\n\t\t\t\t\t\t<div class=\"elementor-element elementor-element-5a58bc52 elementor-widget elementor-widget-image\" data-id=\"5a58bc52\" data-element_type=\"widget\" data-widget_type=\"image.default\">\n\t\t\t\t<div class=\"elementor-widget-container\">\n\t\t\t\t\t\t\t\t<div class=\"elementor-image\">\n\t\t\t\t\t\t\t\t\t\t\t\t<img width=\"682\" height=\"1023\" src=\"https:\/\/trotzdem.org\/wp-content\/uploads\/2020\/07\/67783E8910144438ACB5D03AB0A900D6.jpg\" class=\"attachment-full size-full\" alt=\"Helga Rohra - Demenzaktivistin\" loading=\"lazy\" srcset=\"https:\/\/trotzdem.org\/wp-content\/uploads\/2020\/07\/67783E8910144438ACB5D03AB0A900D6.jpg 682w, https:\/\/trotzdem.org\/wp-content\/uploads\/2020\/07\/67783E8910144438ACB5D03AB0A900D6-200x300.jpg 200w\" sizes=\"(max-width: 682px) 100vw, 682px\" \/>\t\t\t\t\t\t\t\t\t\t\t\t\t\t<\/div>\n\t\t\t\t\t\t<\/div>\n\t\t\t\t<\/div>\n\t\t\t\t<div class=\"elementor-element elementor-element-28eb1a0 elementor-widget elementor-widget-image\" data-id=\"28eb1a0\" data-element_type=\"widget\" data-widget_type=\"image.default\">\n\t\t\t\t<div class=\"elementor-widget-container\">\n\t\t\t\t\t\t\t\t<div class=\"elementor-image\">\n\t\t\t\t\t\t\t\t\t\t\t\t<img width=\"863\" height=\"974\" src=\"https:\/\/trotzdem.org\/wp-content\/uploads\/2020\/07\/engagement.jpg\" class=\"attachment-full size-full\" alt=\"Deutscher Engagementpreis 2014\" loading=\"lazy\" srcset=\"https:\/\/trotzdem.org\/wp-content\/uploads\/2020\/07\/engagement.jpg 863w, https:\/\/trotzdem.org\/wp-content\/uploads\/2020\/07\/engagement-266x300.jpg 266w, https:\/\/trotzdem.org\/wp-content\/uploads\/2020\/07\/engagement-768x867.jpg 768w\" sizes=\"(max-width: 863px) 100vw, 863px\" \/>\t\t\t\t\t\t\t\t\t\t\t\t\t\t<\/div>\n\t\t\t\t\t\t<\/div>\n\t\t\t\t<\/div>\n\t\t\t\t\t\t<\/div>\n\t\t\t\t\t<\/div>\n\t\t<\/div>\n\t\t\t\t<div class=\"elementor-column elementor-col-50 elementor-top-column elementor-element elementor-element-535b1520\" data-id=\"535b1520\" data-element_type=\"column\">\n\t\t\t<div class=\"elementor-column-wrap elementor-element-populated\">\n\t\t\t\t\t\t\t<div class=\"elementor-widget-wrap\">\n\t\t\t\t\t\t<div class=\"elementor-element elementor-element-1548c48d elementor-widget elementor-widget-text-editor\" data-id=\"1548c48d\" data-element_type=\"widget\" data-widget_type=\"text-editor.default\">\n\t\t\t\t<div class=\"elementor-widget-container\">\n\t\t\t\t\t\t\t\t<div class=\"elementor-text-editor elementor-clearfix\">\n\t\t\t\t<p>Als ich Anfang 2010 erstmals \u00f6ffentlich \u00fcber meine Demenz sprach, tat ich das noch unter dem Pseudonym \u201eHelen Merlin\u201c. Heute aber stehe ich dazu und mische mich ein, um die Sache der Menschen mit Demenz zu vertreten: im Vorstand von \u201eAlzheimer Europa\u201cals Vorsitzende der EWGPWD (European Working Group of People with Dementia).\u00a0<\/p><p>Aktuell,seit 2020, bin ich eine kritische Stimme im Patientenbeirats des DZNE (Deutsches Zentrum f\u00fcr Neurodegenerative Erkrankungen) und der Brain Health Unit der WHO.<\/p>\t\t\t\t\t<\/div>\n\t\t\t\t\t\t<\/div>\n\t\t\t\t<\/div>\n\t\t\t\t<div class=\"elementor-element elementor-element-fdf5f39 elementor-widget elementor-widget-spacer\" data-id=\"fdf5f39\" data-element_type=\"widget\" data-widget_type=\"spacer.default\">\n\t\t\t\t<div class=\"elementor-widget-container\">\n\t\t\t\t\t<div class=\"elementor-spacer\">\n\t\t\t<div class=\"elementor-spacer-inner\"><\/div>\n\t\t<\/div>\n\t\t\t\t<\/div>\n\t\t\t\t<\/div>\n\t\t\t\t<div class=\"elementor-element elementor-element-424588e elementor-widget elementor-widget-text-editor\" data-id=\"424588e\" data-element_type=\"widget\" data-widget_type=\"text-editor.default\">\n\t\t\t\t<div class=\"elementor-widget-container\">\n\t\t\t\t\t\t\t\t<div class=\"elementor-text-editor elementor-clearfix\">\n\t\t\t\t<p>Mein Engagement\u00a0wurde 2015 gew\u00fcrdigt<br \/>durch unsere damalige Bundesfamilienministerin<br \/>Manuela Schwesig mit dem Deutschen Engamentpreis.<\/p>\t\t\t\t\t<\/div>\n\t\t\t\t\t\t<\/div>\n\t\t\t\t<\/div>\n\t\t\t\t<div class=\"elementor-element elementor-element-739a4685 elementor-widget elementor-widget-heading\" data-id=\"739a4685\" data-element_type=\"widget\" data-widget_type=\"heading.default\">\n\t\t\t\t<div class=\"elementor-widget-container\">\n\t\t\t<h2 class=\"elementor-heading-title elementor-size-default\">Helga Rohra<\/h2>\t\t<\/div>\n\t\t\t\t<\/div>\n\t\t\t\t<div class=\"elementor-element elementor-element-5d40ebb6 elementor-widget elementor-widget-heading\" data-id=\"5d40ebb6\" data-element_type=\"widget\" data-widget_type=\"heading.default\">\n\t\t\t\t<div class=\"elementor-widget-container\">\n\t\t\t<h2 class=\"elementor-heading-title elementor-size-default\">Demenzaktistin<\/h2>\t\t<\/div>\n\t\t\t\t<\/div>\n\t\t\t\t\t\t<\/div>\n\t\t\t\t\t<\/div>\n\t\t<\/div>\n\t\t\t\t\t\t\t\t<\/div>\n\t\t\t\t\t<\/div>\n\t\t<\/section>\n\t\t\t\t<section class=\"elementor-section elementor-top-section elementor-element elementor-element-7cd9cec elementor-section-full_width elementor-section-height-default elementor-section-height-default\" data-id=\"7cd9cec\" data-element_type=\"section\">\n\t\t\t\t\t\t<div class=\"elementor-container elementor-column-gap-default\">\n\t\t\t\t\t\t\t<div class=\"elementor-row\">\n\t\t\t\t\t<div class=\"elementor-column elementor-col-100 elementor-top-column elementor-element elementor-element-e5e2874\" data-id=\"e5e2874\" data-element_type=\"column\">\n\t\t\t<div class=\"elementor-column-wrap elementor-element-populated\">\n\t\t\t\t\t\t\t<div class=\"elementor-widget-wrap\">\n\t\t\t\t\t\t<div class=\"elementor-element elementor-element-edcf6ce elementor-widget-divider--view-line elementor-widget elementor-widget-divider\" data-id=\"edcf6ce\" data-element_type=\"widget\" data-widget_type=\"divider.default\">\n\t\t\t\t<div class=\"elementor-widget-container\">\n\t\t\t\t\t<div class=\"elementor-divider\">\n\t\t\t<span class=\"elementor-divider-separator\">\n\t\t\t\t\t\t<\/span>\n\t\t<\/div>\n\t\t\t\t<\/div>\n\t\t\t\t<\/div>\n\t\t\t\t\t\t<\/div>\n\t\t\t\t\t<\/div>\n\t\t<\/div>\n\t\t\t\t\t\t\t\t<\/div>\n\t\t\t\t\t<\/div>\n\t\t<\/section>\n\t\t\t\t<section class=\"elementor-section elementor-top-section elementor-element elementor-element-9cf64e7 elementor-section-boxed elementor-section-height-default elementor-section-height-default\" data-id=\"9cf64e7\" data-element_type=\"section\">\n\t\t\t\t\t\t<div class=\"elementor-container elementor-column-gap-default\">\n\t\t\t\t\t\t\t<div class=\"elementor-row\">\n\t\t\t\t\t<div class=\"elementor-column elementor-col-100 elementor-top-column elementor-element elementor-element-cd67ef2\" data-id=\"cd67ef2\" data-element_type=\"column\">\n\t\t\t<div class=\"elementor-column-wrap elementor-element-populated\">\n\t\t\t\t\t\t\t<div class=\"elementor-widget-wrap\">\n\t\t\t\t\t\t<div class=\"elementor-element elementor-element-499632b elementor-widget elementor-widget-heading\" data-id=\"499632b\" data-element_type=\"widget\" data-widget_type=\"heading.default\">\n\t\t\t\t<div class=\"elementor-widget-container\">\n\t\t\t<h3 class=\"elementor-heading-title elementor-size-default\">Aktuell<\/h3>\t\t<\/div>\n\t\t\t\t<\/div>\n\t\t\t\t\t\t<\/div>\n\t\t\t\t\t<\/div>\n\t\t<\/div>\n\t\t\t\t\t\t\t\t<\/div>\n\t\t\t\t\t<\/div>\n\t\t<\/section>\n\t\t\t\t<section class=\"elementor-section elementor-top-section elementor-element elementor-element-1317a8a elementor-section-full_width elementor-section-height-default elementor-section-height-default\" data-id=\"1317a8a\" data-element_type=\"section\" data-settings=\"{&quot;background_background&quot;:&quot;classic&quot;}\">\n\t\t\t\t\t\t\t<div class=\"elementor-background-overlay\"><\/div>\n\t\t\t\t\t\t\t<div class=\"elementor-container elementor-column-gap-default\">\n\t\t\t\t\t\t\t<div class=\"elementor-row\">\n\t\t\t\t\t<div class=\"elementor-column elementor-col-100 elementor-top-column elementor-element elementor-element-843faa9\" data-id=\"843faa9\" data-element_type=\"column\">\n\t\t\t<div class=\"elementor-column-wrap elementor-element-populated\">\n\t\t\t\t\t\t\t<div class=\"elementor-widget-wrap\">\n\t\t\t\t\t\t<div class=\"elementor-element elementor-element-e7394ae elementor-widget elementor-widget-image\" data-id=\"e7394ae\" data-element_type=\"widget\" data-widget_type=\"image.default\">\n\t\t\t\t<div class=\"elementor-widget-container\">\n\t\t\t\t\t\t\t\t<div class=\"elementor-image\">\n\t\t\t\t\t\t\t\t\t\t\t\t<img width=\"800\" height=\"800\" src=\"https:\/\/trotzdem.org\/wp-content\/uploads\/2020\/08\/Pandemie-1024x1024.jpg\" class=\"attachment-large size-large\" alt=\"\" loading=\"lazy\" srcset=\"https:\/\/trotzdem.org\/wp-content\/uploads\/2020\/08\/Pandemie-1024x1024.jpg 1024w, https:\/\/trotzdem.org\/wp-content\/uploads\/2020\/08\/Pandemie-300x300.jpg 300w, https:\/\/trotzdem.org\/wp-content\/uploads\/2020\/08\/Pandemie-150x150.jpg 150w, https:\/\/trotzdem.org\/wp-content\/uploads\/2020\/08\/Pandemie-768x768.jpg 768w, https:\/\/trotzdem.org\/wp-content\/uploads\/2020\/08\/Pandemie.jpg 1200w\" sizes=\"(max-width: 800px) 100vw, 800px\" \/>\t\t\t\t\t\t\t\t\t\t\t\t\t\t<\/div>\n\t\t\t\t\t\t<\/div>\n\t\t\t\t<\/div>\n\t\t\t\t\t\t<\/div>\n\t\t\t\t\t<\/div>\n\t\t<\/div>\n\t\t\t\t\t\t\t\t<\/div>\n\t\t\t\t\t<\/div>\n\t\t<\/section>\n\t\t\t\t<section class=\"elementor-section elementor-top-section elementor-element elementor-element-2eed402 elementor-section-boxed elementor-section-height-default elementor-section-height-default\" data-id=\"2eed402\" data-element_type=\"section\">\n\t\t\t\t\t\t<div class=\"elementor-container elementor-column-gap-default\">\n\t\t\t\t\t\t\t<div class=\"elementor-row\">\n\t\t\t\t\t<div class=\"elementor-column elementor-col-100 elementor-top-column elementor-element elementor-element-09b01d3\" data-id=\"09b01d3\" data-element_type=\"column\">\n\t\t\t<div class=\"elementor-column-wrap elementor-element-populated\">\n\t\t\t\t\t\t\t<div class=\"elementor-widget-wrap\">\n\t\t\t\t\t\t<div class=\"elementor-element elementor-element-7e461cb elementor-widget elementor-widget-spacer\" data-id=\"7e461cb\" data-element_type=\"widget\" data-widget_type=\"spacer.default\">\n\t\t\t\t<div class=\"elementor-widget-container\">\n\t\t\t\t\t<div class=\"elementor-spacer\">\n\t\t\t<div class=\"elementor-spacer-inner\"><\/div>\n\t\t<\/div>\n\t\t\t\t<\/div>\n\t\t\t\t<\/div>\n\t\t\t\t\t\t<\/div>\n\t\t\t\t\t<\/div>\n\t\t<\/div>\n\t\t\t\t\t\t\t\t<\/div>\n\t\t\t\t\t<\/div>\n\t\t<\/section>\n\t\t\t\t<section class=\"elementor-section elementor-top-section elementor-element elementor-element-4261862d elementor-section-boxed elementor-section-height-default elementor-section-height-default\" data-id=\"4261862d\" data-element_type=\"section\" data-settings=\"{&quot;background_background&quot;:&quot;classic&quot;}\">\n\t\t\t\t\t\t\t<div class=\"elementor-background-overlay\"><\/div>\n\t\t\t\t\t\t\t<div class=\"elementor-container elementor-column-gap-default\">\n\t\t\t\t\t\t\t<div class=\"elementor-row\">\n\t\t\t\t\t<div class=\"elementor-column elementor-col-100 elementor-top-column elementor-element elementor-element-56566e3\" data-id=\"56566e3\" data-element_type=\"column\" data-settings=\"{&quot;background_background&quot;:&quot;classic&quot;}\">\n\t\t\t<div class=\"elementor-column-wrap elementor-element-populated\">\n\t\t\t\t\t<div class=\"elementor-background-overlay\"><\/div>\n\t\t\t\t\t\t\t<div class=\"elementor-widget-wrap\">\n\t\t\t\t\t\t<div class=\"elementor-element elementor-element-37b8a5d elementor-widget elementor-widget-heading\" data-id=\"37b8a5d\" data-element_type=\"widget\" data-widget_type=\"heading.default\">\n\t\t\t\t<div class=\"elementor-widget-container\">\n\t\t\t<h3 class=\"elementor-heading-title elementor-size-default\">In den Medien<\/h3>\t\t<\/div>\n\t\t\t\t<\/div>\n\t\t\t\t<div class=\"elementor-element elementor-element-d3e457c elementor-widget elementor-widget-heading\" data-id=\"d3e457c\" data-element_type=\"widget\" data-widget_type=\"heading.default\">\n\t\t\t\t<div class=\"elementor-widget-container\">\n\t\t\t<h2 class=\"elementor-heading-title elementor-size-default\">Videos<\/h2>\t\t<\/div>\n\t\t\t\t<\/div>\n\t\t\t\t<section class=\"elementor-section elementor-inner-section elementor-element elementor-element-726ae03 elementor-section-full_width elementor-section-height-default elementor-section-height-default\" data-id=\"726ae03\" data-element_type=\"section\">\n\t\t\t\t\t\t<div class=\"elementor-container elementor-column-gap-wide\">\n\t\t\t\t\t\t\t<div class=\"elementor-row\">\n\t\t\t\t\t<div class=\"elementor-column elementor-col-50 elementor-inner-column elementor-element elementor-element-bbfa51a\" data-id=\"bbfa51a\" data-element_type=\"column\" data-settings=\"{&quot;background_background&quot;:&quot;classic&quot;}\">\n\t\t\t<div class=\"elementor-column-wrap elementor-element-populated\">\n\t\t\t\t\t\t\t<div class=\"elementor-widget-wrap\">\n\t\t\t\t\t\t<div class=\"elementor-element elementor-element-47db7d7 elementor-aspect-ratio-169 elementor-widget elementor-widget-video\" data-id=\"47db7d7\" data-element_type=\"widget\" data-settings=\"{&quot;youtube_url&quot;:&quot;https:\\\/\\\/www.youtube-nocookie.com\\\/embed\\\/15YdSo3mW_g&quot;,&quot;video_type&quot;:&quot;youtube&quot;,&quot;controls&quot;:&quot;yes&quot;,&quot;aspect_ratio&quot;:&quot;169&quot;}\" data-widget_type=\"video.default\">\n\t\t\t\t<div class=\"elementor-widget-container\">\n\t\t\t\t\t<div class=\"elementor-wrapper elementor-fit-aspect-ratio elementor-open-inline\">\n\t\t\t<div class=\"elementor-video\"><\/div>\t\t<\/div>\n\t\t\t\t<\/div>\n\t\t\t\t<\/div>\n\t\t\t\t<div class=\"elementor-element elementor-element-b47dcaa elementor-widget elementor-widget-heading\" data-id=\"b47dcaa\" data-element_type=\"widget\" data-widget_type=\"heading.default\">\n\t\t\t\t<div class=\"elementor-widget-container\">\n\t\t\t<h2 class=\"elementor-heading-title elementor-size-default\">HELGA ROHRA<br>Life goes on.... trotz Demenz - trotzDEM<\/h2>\t\t<\/div>\n\t\t\t\t<\/div>\n\t\t\t\t\t\t<\/div>\n\t\t\t\t\t<\/div>\n\t\t<\/div>\n\t\t\t\t<div class=\"elementor-column elementor-col-50 elementor-inner-column elementor-element elementor-element-13536da\" data-id=\"13536da\" data-element_type=\"column\" data-settings=\"{&quot;background_background&quot;:&quot;classic&quot;}\">\n\t\t\t<div class=\"elementor-column-wrap elementor-element-populated\">\n\t\t\t\t\t\t\t<div class=\"elementor-widget-wrap\">\n\t\t\t\t\t\t<div class=\"elementor-element elementor-element-4bf3562 elementor-aspect-ratio-169 elementor-widget elementor-widget-video\" data-id=\"4bf3562\" data-element_type=\"widget\" data-settings=\"{&quot;youtube_url&quot;:&quot;https:\\\/\\\/www.youtube-nocookie.com\\\/embed\\\/pmjXUK6W5Y8&quot;,&quot;video_type&quot;:&quot;youtube&quot;,&quot;controls&quot;:&quot;yes&quot;,&quot;aspect_ratio&quot;:&quot;169&quot;}\" data-widget_type=\"video.default\">\n\t\t\t\t<div class=\"elementor-widget-container\">\n\t\t\t\t\t<div class=\"elementor-wrapper elementor-fit-aspect-ratio elementor-open-inline\">\n\t\t\t<div class=\"elementor-video\"><\/div>\t\t<\/div>\n\t\t\t\t<\/div>\n\t\t\t\t<\/div>\n\t\t\t\t<div class=\"elementor-element elementor-element-9465d72 elementor-widget elementor-widget-heading\" data-id=\"9465d72\" data-element_type=\"widget\" data-widget_type=\"heading.default\">\n\t\t\t\t<div class=\"elementor-widget-container\">\n\t\t\t<h2 class=\"elementor-heading-title elementor-size-default\">Vortragsabend mit Helga Rohra<\/h2>\t\t<\/div>\n\t\t\t\t<\/div>\n\t\t\t\t\t\t<\/div>\n\t\t\t\t\t<\/div>\n\t\t<\/div>\n\t\t\t\t\t\t\t\t<\/div>\n\t\t\t\t\t<\/div>\n\t\t<\/section>\n\t\t\t\t<div class=\"elementor-element elementor-element-10ca66c elementor-widget elementor-widget-spacer\" data-id=\"10ca66c\" data-element_type=\"widget\" data-widget_type=\"spacer.default\">\n\t\t\t\t<div class=\"elementor-widget-container\">\n\t\t\t\t\t<div class=\"elementor-spacer\">\n\t\t\t<div class=\"elementor-spacer-inner\"><\/div>\n\t\t<\/div>\n\t\t\t\t<\/div>\n\t\t\t\t<\/div>\n\t\t\t\t<div class=\"elementor-element elementor-element-565f6f4 elementor-widget elementor-widget-heading\" data-id=\"565f6f4\" data-element_type=\"widget\" data-widget_type=\"heading.default\">\n\t\t\t\t<div class=\"elementor-widget-container\">\n\t\t\t<h2 class=\"elementor-heading-title elementor-size-default\">PRESSEStimmen<\/h2>\t\t<\/div>\n\t\t\t\t<\/div>\n\t\t\t\t<section class=\"elementor-section elementor-inner-section elementor-element elementor-element-882e20a elementor-section-full_width elementor-section-height-default elementor-section-height-default\" data-id=\"882e20a\" data-element_type=\"section\">\n\t\t\t\t\t\t<div class=\"elementor-container elementor-column-gap-default\">\n\t\t\t\t\t\t\t<div class=\"elementor-row\">\n\t\t\t\t\t<div class=\"elementor-column elementor-col-50 elementor-inner-column elementor-element elementor-element-db58802\" data-id=\"db58802\" data-element_type=\"column\">\n\t\t\t<div class=\"elementor-column-wrap elementor-element-populated\">\n\t\t\t\t\t\t\t<div class=\"elementor-widget-wrap\">\n\t\t\t\t\t\t<div class=\"elementor-element elementor-element-62d06e3 elementor-position-left elementor-vertical-align-top elementor-widget elementor-widget-image-box\" data-id=\"62d06e3\" data-element_type=\"widget\" data-widget_type=\"image-box.default\">\n\t\t\t\t<div class=\"elementor-widget-container\">\n\t\t\t<div class=\"elementor-image-box-wrapper\"><figure class=\"elementor-image-box-img\"><img width=\"540\" height=\"282\" src=\"https:\/\/trotzdem.org\/wp-content\/uploads\/2020\/07\/safe_image.php_.jpeg\" class=\"attachment-full size-full\" alt=\"\" loading=\"lazy\" \/><\/figure><div class=\"elementor-image-box-content\"><h3 class=\"elementor-image-box-title\">\u201eAus dem Schatten treten\u201d<\/h3><p class=\"elementor-image-box-description\"><b>Warum ich mich f\u00fcr unsere Rechte als Demenzbetroffene einsetze<\/b><br><br>\n\nHelga Rohra ist eine der wenigen Menschen mit Demenz, die im \u00f6ffentlichen Leben aktiv sind. Abwechslungsreich schildert Rohra ihren beruflich fordernden Alltag und wie sie diesen seit der Diagnose Lewy-Body-Demenz meistert. Sie zeigt auf beeindruckende Weise, wie sie ein sinnerf\u00fclltes Leben gestaltet und sich ein gr\u00f6\u00dftm\u00f6gliches Ma\u00df an Selbstbestimmung bewahrt, aber auch wo die Grenzen liegen. Ihre Ziele, Hoffnungen und W\u00fcnsche beschreibt Helga Rohra mit einer entwaffnenden Offenheit, gro\u00dfartigem Humor und einem hochreflexiven Verm\u00f6gen. Gedichte begleiten ihre Kapitel und geben Einblick in ihre Gedanken-und Gef\u00fchlswelt.<br><br><i>\u2014 Mabuse-Verlag<\/i><\/p><\/div><\/div>\t\t<\/div>\n\t\t\t\t<\/div>\n\t\t\t\t\t\t<\/div>\n\t\t\t\t\t<\/div>\n\t\t<\/div>\n\t\t\t\t<div class=\"elementor-column elementor-col-50 elementor-inner-column elementor-element elementor-element-a2bb81e\" data-id=\"a2bb81e\" data-element_type=\"column\">\n\t\t\t<div class=\"elementor-column-wrap elementor-element-populated\">\n\t\t\t\t\t\t\t<div class=\"elementor-widget-wrap\">\n\t\t\t\t\t\t<div class=\"elementor-element elementor-element-ae694bd elementor-position-left elementor-vertical-align-top elementor-widget elementor-widget-image-box\" data-id=\"ae694bd\" data-element_type=\"widget\" data-widget_type=\"image-box.default\">\n\t\t\t\t<div class=\"elementor-widget-container\">\n\t\t\t<div class=\"elementor-image-box-wrapper\"><figure class=\"elementor-image-box-img\"><img width=\"1022\" height=\"872\" src=\"https:\/\/trotzdem.org\/wp-content\/uploads\/2020\/07\/406C8DB1BF984E5CA10607769D5A9E61.jpg\" class=\"attachment-full size-full\" alt=\"Vortrag &quot;Ja zum Leben - trotz Demenz!&quot;\" loading=\"lazy\" \/><\/figure><div class=\"elementor-image-box-content\"><h3 class=\"elementor-image-box-title\">\u201eJa zum Leben trotz Demenz!\u201c<\/h3><p class=\"elementor-image-box-description\"><b>Warum ich k\u00e4mpfe<\/b><br><br>\n\n\u201eFr\u00fcher habe ich Sprachen gedolmetscht, heute dolmetsche ich Gef\u00fchle\u201c, sagt Helga Rohra von sich selbst. Bis zu 100 Vortr\u00e4ge h\u00e4lt sie im Jahr. Sie m\u00f6chte ber\u00fchren und nicht nur informieren und das gelingt ihr auch. In ihrem Vortrag \u201eJa zum Leben trotz Demenz\" -gleichzeitig Titel ihres 2. Buches - schildert Helga Rohra auf packende Art und Weise, welche Strategien sie f\u00fcr ihr Leben mit Demenz entworfen und welche F\u00e4higkeiten sie gerade durch die Erkrankung entwickelt hat. Helga Rohra bringt Herausforderungen des Alltags auf den Punkt ohne zu verharmlosen, aber auch, ohne zu klagen. Helga Rohra zeigt aus Sicht der Betroffenen auf, wie eine neue potenzialorientierte Sichtweise auf Menschen mit Demenz gelingen kann und ermutigt Menschen mit Demenz ihren Lebensweg mit der Diagnose - eben \u201etrotz Demenz\u201c weiter zu beschreiten, neue F\u00e4higkeiten zu entdecken und sich mit ihren Ressourcen in ihre gesellschaftlichen Rollen einzubringen.<br><br><i>\u2013 medhochzwei <\/i><\/p><\/div><\/div>\t\t<\/div>\n\t\t\t\t<\/div>\n\t\t\t\t\t\t<\/div>\n\t\t\t\t\t<\/div>\n\t\t<\/div>\n\t\t\t\t\t\t\t\t<\/div>\n\t\t\t\t\t<\/div>\n\t\t<\/section>\n\t\t\t\t<div class=\"elementor-element elementor-element-a5a84a7 elementor-widget elementor-widget-spacer\" data-id=\"a5a84a7\" data-element_type=\"widget\" data-widget_type=\"spacer.default\">\n\t\t\t\t<div class=\"elementor-widget-container\">\n\t\t\t\t\t<div class=\"elementor-spacer\">\n\t\t\t<div class=\"elementor-spacer-inner\"><\/div>\n\t\t<\/div>\n\t\t\t\t<\/div>\n\t\t\t\t<\/div>\n\t\t\t\t<section class=\"elementor-section elementor-inner-section elementor-element elementor-element-0837524 elementor-section-full_width elementor-section-height-default elementor-section-height-default\" data-id=\"0837524\" data-element_type=\"section\">\n\t\t\t\t\t\t<div class=\"elementor-container elementor-column-gap-default\">\n\t\t\t\t\t\t\t<div class=\"elementor-row\">\n\t\t\t\t\t<div class=\"elementor-column elementor-col-50 elementor-inner-column elementor-element elementor-element-a1f8880\" data-id=\"a1f8880\" data-element_type=\"column\">\n\t\t\t<div class=\"elementor-column-wrap elementor-element-populated\">\n\t\t\t\t\t\t\t<div class=\"elementor-widget-wrap\">\n\t\t\t\t\t\t<div class=\"elementor-element elementor-element-79be301 elementor-position-left elementor-vertical-align-top elementor-widget elementor-widget-image-box\" data-id=\"79be301\" data-element_type=\"widget\" data-widget_type=\"image-box.default\">\n\t\t\t\t<div class=\"elementor-widget-container\">\n\t\t\t<div class=\"elementor-image-box-wrapper\"><figure class=\"elementor-image-box-img\"><img width=\"1137\" height=\"1003\" src=\"https:\/\/trotzdem.org\/wp-content\/uploads\/2020\/07\/109912832_219036472609959_2707905516311717076_n-Kopie.jpg\" class=\"attachment-full size-full\" alt=\"Ich bin dement, na und?\" loading=\"lazy\" \/><\/figure><div class=\"elementor-image-box-content\"><h3 class=\"elementor-image-box-title\">\u201eIch bin dement, na und?\u201c<\/h3><p class=\"elementor-image-box-description\">In Ihrem neuen Buch gew\u00e4hrt die Autorin und Demenzaktivistin einen seltenen Einblick in die Welt eines Menschen mit diagnostizierter Demenz. Fr\u00fcher hat sie Sprachen gedolmetscht. Heute dolmetscht sie die Gedanken und Gef\u00fchlswelten von Menschen mit Demenz.\n<br><br>\n<i>\u2014 10 Jahre Tagesbetreuung, Die Sozialstation, Rockenhausen <\/i><\/p><\/div><\/div>\t\t<\/div>\n\t\t\t\t<\/div>\n\t\t\t\t\t\t<\/div>\n\t\t\t\t\t<\/div>\n\t\t<\/div>\n\t\t\t\t<div class=\"elementor-column elementor-col-50 elementor-inner-column elementor-element elementor-element-37d9fa1\" data-id=\"37d9fa1\" data-element_type=\"column\">\n\t\t\t<div class=\"elementor-column-wrap elementor-element-populated\">\n\t\t\t\t\t\t\t<div class=\"elementor-widget-wrap\">\n\t\t\t\t\t\t<div class=\"elementor-element elementor-element-6dcd59c elementor-position-left elementor-vertical-align-top elementor-widget elementor-widget-image-box\" data-id=\"6dcd59c\" data-element_type=\"widget\" data-widget_type=\"image-box.default\">\n\t\t\t\t<div class=\"elementor-widget-container\">\n\t\t\t<div class=\"elementor-image-box-wrapper\"><figure class=\"elementor-image-box-img\"><img width=\"1242\" height=\"1271\" src=\"https:\/\/trotzdem.org\/wp-content\/uploads\/2020\/07\/116015312_907630366414404_655802687462694149_n.jpg\" class=\"attachment-full size-full\" alt=\"Helga Rohra \u2013 Strong in Diversity\" loading=\"lazy\" \/><\/figure><div class=\"elementor-image-box-content\"><h3 class=\"elementor-image-box-title\">Mein Leben In 3D<\/h3><p class=\"elementor-image-box-description\">Jetzt und Immer wieder<br>\nlaufen \u2013 lachen \u2013 weinen<br>\noder einfach so<br>\nin dieser meiner D\u00e9j\u00e0-vu-Welt<br>\nMit dir reden \u2013 denken \u2013 lachen<br>\nin dieser meiner realen Welt<br>\nMit mir f\u00fchlen \u2013 mitgehen<br>\nin dieser meiner inneren Welt<br>\nBunt und leise<br>\neine Symphonie von Bildern<br>\nMein Leben von Anfang an<br>\nder erste Ton, der erste Schritt<br>\n<br>\n\nEine Gnade, mir zu begegnen<br>\nEine Freude an dem Wunder in mir<br>\nEin Leben zwischen Halluzination und Wirklichkeit<br>\nKeine Angst in mir \u2013 sondern Dankbarkeit<br>\nKeine Flucht davor \u2013 sondern Eintauchen<br>\nKeine Krankheit -sondern Ph\u00e4nomen<br>\n<br>\n\nEs ist ein D\u00e9j\u00e0-vu und doch immer Faszination<br>\nEs ist mein Leben in 3D<br>\nIch liebe es \u2013 trotzDEM\n<br><br>\n\u2013<i> Text aus Buch \u201eJa zum Leben trotz   Demenz\u201c<\/i><\/p><\/div><\/div>\t\t<\/div>\n\t\t\t\t<\/div>\n\t\t\t\t\t\t<\/div>\n\t\t\t\t\t<\/div>\n\t\t<\/div>\n\t\t\t\t\t\t\t\t<\/div>\n\t\t\t\t\t<\/div>\n\t\t<\/section>\n\t\t\t\t\t\t<\/div>\n\t\t\t\t\t<\/div>\n\t\t<\/div>\n\t\t\t\t\t\t\t\t<\/div>\n\t\t\t\t\t<\/div>\n\t\t<\/section>\n\t\t\t\t<section class=\"elementor-section elementor-top-section elementor-element elementor-element-4b00d69 elementor-section-boxed elementor-section-height-default elementor-section-height-default\" data-id=\"4b00d69\" data-element_type=\"section\">\n\t\t\t\t\t\t<div class=\"elementor-container elementor-column-gap-default\">\n\t\t\t\t\t\t\t<div class=\"elementor-row\">\n\t\t\t\t\t<div class=\"elementor-column elementor-col-100 elementor-top-column elementor-element elementor-element-964af15\" data-id=\"964af15\" data-element_type=\"column\">\n\t\t\t<div class=\"elementor-column-wrap elementor-element-populated\">\n\t\t\t\t\t\t\t<div class=\"elementor-widget-wrap\">\n\t\t\t\t\t\t<div class=\"elementor-element elementor-element-fa3a384 elementor-widget elementor-widget-spacer\" data-id=\"fa3a384\" data-element_type=\"widget\" data-widget_type=\"spacer.default\">\n\t\t\t\t<div class=\"elementor-widget-container\">\n\t\t\t\t\t<div class=\"elementor-spacer\">\n\t\t\t<div class=\"elementor-spacer-inner\"><\/div>\n\t\t<\/div>\n\t\t\t\t<\/div>\n\t\t\t\t<\/div>\n\t\t\t\t\t\t<\/div>\n\t\t\t\t\t<\/div>\n\t\t<\/div>\n\t\t\t\t\t\t\t\t<\/div>\n\t\t\t\t\t<\/div>\n\t\t<\/section>\n\t\t\t\t<section class=\"elementor-section elementor-top-section elementor-element elementor-element-e560ed4 elementor-section-boxed elementor-section-height-default elementor-section-height-default\" data-id=\"e560ed4\" data-element_type=\"section\">\n\t\t\t\t\t\t<div class=\"elementor-container elementor-column-gap-default\">\n\t\t\t\t\t\t\t<div class=\"elementor-row\">\n\t\t\t\t\t<div class=\"elementor-column elementor-col-100 elementor-top-column elementor-element elementor-element-4e551d8\" data-id=\"4e551d8\" data-element_type=\"column\">\n\t\t\t<div class=\"elementor-column-wrap elementor-element-populated\">\n\t\t\t\t\t\t\t<div class=\"elementor-widget-wrap\">\n\t\t\t\t\t\t<div class=\"elementor-element elementor-element-7da2b12 elementor-widget elementor-widget-heading\" data-id=\"7da2b12\" data-element_type=\"widget\" data-widget_type=\"heading.default\">\n\t\t\t\t<div class=\"elementor-widget-container\">\n\t\t\t<h2 class=\"elementor-heading-title elementor-size-default\">Publikationen<\/h2>\t\t<\/div>\n\t\t\t\t<\/div>\n\t\t\t\t<div class=\"elementor-element elementor-element-a8f8fee elementor-widget elementor-widget-heading\" data-id=\"a8f8fee\" data-element_type=\"widget\" data-widget_type=\"heading.default\">\n\t\t\t\t<div class=\"elementor-widget-container\">\n\t\t\t<h2 class=\"elementor-heading-title elementor-size-default\">B\u00dcCHER \/ DVDs \/CDs<\/h2>\t\t<\/div>\n\t\t\t\t<\/div>\n\t\t\t\t\t\t<\/div>\n\t\t\t\t\t<\/div>\n\t\t<\/div>\n\t\t\t\t\t\t\t\t<\/div>\n\t\t\t\t\t<\/div>\n\t\t<\/section>\n\t\t\t\t<section class=\"elementor-section elementor-top-section elementor-element elementor-element-309a685c elementor-reverse-mobile elementor-section-boxed elementor-section-height-default elementor-section-height-default\" data-id=\"309a685c\" data-element_type=\"section\" data-settings=\"{&quot;background_background&quot;:&quot;gradient&quot;}\">\n\t\t\t\t\t\t<div class=\"elementor-container elementor-column-gap-no\">\n\t\t\t\t\t\t\t<div class=\"elementor-row\">\n\t\t\t\t\t<div class=\"elementor-column elementor-col-100 elementor-top-column elementor-element elementor-element-3aef12ba\" data-id=\"3aef12ba\" data-element_type=\"column\">\n\t\t\t<div class=\"elementor-column-wrap elementor-element-populated\">\n\t\t\t\t\t\t\t<div class=\"elementor-widget-wrap\">\n\t\t\t\t\t\t<section class=\"elementor-section elementor-inner-section elementor-element elementor-element-0df3577 elementor-section-boxed elementor-section-height-default elementor-section-height-default\" data-id=\"0df3577\" data-element_type=\"section\">\n\t\t\t\t\t\t<div class=\"elementor-container elementor-column-gap-default\">\n\t\t\t\t\t\t\t<div class=\"elementor-row\">\n\t\t\t\t\t<div class=\"elementor-column elementor-col-50 elementor-inner-column elementor-element elementor-element-2945f9b\" data-id=\"2945f9b\" data-element_type=\"column\">\n\t\t\t<div class=\"elementor-column-wrap elementor-element-populated\">\n\t\t\t\t\t\t\t<div class=\"elementor-widget-wrap\">\n\t\t\t\t\t\t<div class=\"elementor-element elementor-element-11e6a22 elementor-widget elementor-widget-heading\" data-id=\"11e6a22\" data-element_type=\"widget\" data-widget_type=\"heading.default\">\n\t\t\t\t<div class=\"elementor-widget-container\">\n\t\t\t<h2 class=\"elementor-heading-title elementor-size-default\">Aus dem Schatten treten<\/h2>\t\t<\/div>\n\t\t\t\t<\/div>\n\t\t\t\t<div class=\"elementor-element elementor-element-d9302e4 elementor-widget elementor-widget-text-editor\" data-id=\"d9302e4\" data-element_type=\"widget\" data-widget_type=\"text-editor.default\">\n\t\t\t\t<div class=\"elementor-widget-container\">\n\t\t\t\t\t\t\t\t<div class=\"elementor-text-editor elementor-clearfix\">\n\t\t\t\t\n\n<b>Warum ich mich f\u00fcr unsere Rechte als Demenzbetroffene einsetze<\/b>\n<br><br>\nMit 54 Jahren wurde Helga Rohra die Diagnose Lewy-Body-Demenz gestellt. Sie st\u00fcrzte in eine Depression, aus der sie sich m\u00fchsam befreien konnte. Heute reist sie unerm\u00fcdlich zu Kongressen und Presseterminen, um vor Fachleuten und in der breiten \u00d6ffentlichkeit die Sache der Menschen mit Demenz zu vertreten. Ihr Buch erz\u00e4hlt nicht nur die Geschichte einer unwahrscheinlich willensstarken Frau. Es macht klar, welche H\u00fcrden Menschen mit Demenz in unserer Gesellschaft \u00fcberwinden m\u00fcssen \u2013 und welche Potenziale noch in ihnen stecken. \t\t\t\t\t<\/div>\n\t\t\t\t\t\t<\/div>\n\t\t\t\t<\/div>\n\t\t\t\t<div class=\"elementor-element elementor-element-bcc259f elementor-blockquote--skin-clean elementor-blockquote--button-color-official elementor-widget elementor-widget-blockquote\" data-id=\"bcc259f\" data-element_type=\"widget\" data-widget_type=\"blockquote.default\">\n\t\t\t\t<div class=\"elementor-widget-container\">\n\t\t\t\t\t<blockquote class=\"elementor-blockquote\">\n\t\t\t<p class=\"elementor-blockquote__content\">\n\t\t\t\t\u201eDiese Geschichte nimmt vorweg, was vielen bevorsteht: Fr\u00fchdiagnose ohne Ursachenbehandlung; mit der Erkrankung verantwortlich leben-ohne naiven Glauben an ein Wundermittel.\" \t\t\t<\/p>\n\t\t\t\t\t\t\t<footer>\n\t\t\t\t\t\t\t\t\t\t\t<cite class=\"elementor-blockquote__author\">Prof. Dr. Hans F\u00f6rstl, Psychiatrische Universit\u00e4tsklinik M\u00fcnchen <\/cite>\n\t\t\t\t\t\t\t\t\t\t\t\t\t\t<\/footer>\n\t\t\t\t\t<\/blockquote>\n\t\t\t\t<\/div>\n\t\t\t\t<\/div>\n\t\t\t\t<div class=\"elementor-element elementor-element-d7394b1 elementor-widget elementor-widget-text-editor\" data-id=\"d7394b1\" data-element_type=\"widget\" data-widget_type=\"text-editor.default\">\n\t\t\t\t<div class=\"elementor-widget-container\">\n\t\t\t\t\t\t\t\t<div class=\"elementor-text-editor elementor-clearfix\">\n\t\t\t\t<div class=\"page\" title=\"Page 1\"><div class=\"layoutArea\"><div class=\"column\"><p>\u25ba Erschienen im Mabuse-Verlag,\u00a0 ISBN 978-3-940529-86-2<\/p><\/div><\/div><\/div>\t\t\t\t\t<\/div>\n\t\t\t\t\t\t<\/div>\n\t\t\t\t<\/div>\n\t\t\t\t\t\t<\/div>\n\t\t\t\t\t<\/div>\n\t\t<\/div>\n\t\t\t\t<div class=\"elementor-column elementor-col-50 elementor-inner-column elementor-element elementor-element-fbf4a5b\" data-id=\"fbf4a5b\" data-element_type=\"column\">\n\t\t\t<div class=\"elementor-column-wrap elementor-element-populated\">\n\t\t\t\t\t\t\t<div class=\"elementor-widget-wrap\">\n\t\t\t\t\t\t<div class=\"elementor-element elementor-element-e8cc725 elementor-widget elementor-widget-image\" data-id=\"e8cc725\" data-element_type=\"widget\" data-widget_type=\"image.default\">\n\t\t\t\t<div class=\"elementor-widget-container\">\n\t\t\t\t\t\t\t\t<div class=\"elementor-image\">\n\t\t\t\t\t\t\t\t\t\t\t\t<img width=\"573\" height=\"573\" src=\"https:\/\/trotzdem.org\/wp-content\/uploads\/2020\/07\/IMG_0468-Kopie.jpg\" class=\"attachment-large size-large\" alt=\"Helga Rohra - Aus dem Schatten treten\" loading=\"lazy\" srcset=\"https:\/\/trotzdem.org\/wp-content\/uploads\/2020\/07\/IMG_0468-Kopie.jpg 573w, https:\/\/trotzdem.org\/wp-content\/uploads\/2020\/07\/IMG_0468-Kopie-300x300.jpg 300w, https:\/\/trotzdem.org\/wp-content\/uploads\/2020\/07\/IMG_0468-Kopie-150x150.jpg 150w\" sizes=\"(max-width: 573px) 100vw, 573px\" \/>\t\t\t\t\t\t\t\t\t\t\t\t\t\t<\/div>\n\t\t\t\t\t\t<\/div>\n\t\t\t\t<\/div>\n\t\t\t\t\t\t<\/div>\n\t\t\t\t\t<\/div>\n\t\t<\/div>\n\t\t\t\t\t\t\t\t<\/div>\n\t\t\t\t\t<\/div>\n\t\t<\/section>\n\t\t\t\t<section class=\"elementor-section elementor-inner-section elementor-element elementor-element-a94dcdb elementor-section-boxed elementor-section-height-default elementor-section-height-default\" data-id=\"a94dcdb\" data-element_type=\"section\">\n\t\t\t\t\t\t<div class=\"elementor-container elementor-column-gap-default\">\n\t\t\t\t\t\t\t<div class=\"elementor-row\">\n\t\t\t\t\t<div class=\"elementor-column elementor-col-50 elementor-inner-column elementor-element elementor-element-acc981c\" data-id=\"acc981c\" data-element_type=\"column\">\n\t\t\t<div class=\"elementor-column-wrap elementor-element-populated\">\n\t\t\t\t\t\t\t<div class=\"elementor-widget-wrap\">\n\t\t\t\t\t\t<div class=\"elementor-element elementor-element-f3f2b7e elementor-widget elementor-widget-heading\" data-id=\"f3f2b7e\" data-element_type=\"widget\" data-widget_type=\"heading.default\">\n\t\t\t\t<div class=\"elementor-widget-container\">\n\t\t\t<h2 class=\"elementor-heading-title elementor-size-default\">Ja zum Leben - trotz Demenz!<\/h2>\t\t<\/div>\n\t\t\t\t<\/div>\n\t\t\t\t<div class=\"elementor-element elementor-element-3400b4d elementor-widget elementor-widget-text-editor\" data-id=\"3400b4d\" data-element_type=\"widget\" data-widget_type=\"text-editor.default\">\n\t\t\t\t<div class=\"elementor-widget-container\">\n\t\t\t\t\t\t\t\t<div class=\"elementor-text-editor elementor-clearfix\">\n\t\t\t\t<div class=\"page\" title=\"Page 1\"><div class=\"layoutArea\"><div class=\"column\"><p>Helga Rohra ist eine der wenigen Menschen mit Demenz, die im o\u0308ffentlichen Leben aktiv sind.<\/p><p>Abwechslungsreich schildert Rohra ihren beruflich fordernden Alltag und wie sie diesen seit der Diagnose Lewy-Body-Demenz meistert. Sie zeigt auf beeindruckende Weise, wie sie ein sinnerfu\u0308lltes Leben gestaltet und sich ein gro\u0308\u00dftmo\u0308gliches Ma\u00df an Selbstbestimmung bewahrt, aber auch wo die Grenzen liegen.<br \/>Ihre Ziele, Hoffnungen und Wu\u0308nsche beschreibt Helga Rohra mit einer entwaffnenden Offenheit, gro\u00dfartigem Humor und einem hochreflexiven Vermo\u0308gen.<\/p><p>Gedichte begleiten ihre Kapitel und geben Einblick in ihre Gedanken- und Gefu\u0308hlswelt.<\/p><\/div><\/div><\/div>\t\t\t\t\t<\/div>\n\t\t\t\t\t\t<\/div>\n\t\t\t\t<\/div>\n\t\t\t\t<div class=\"elementor-element elementor-element-2ec511d elementor-widget elementor-widget-text-editor\" data-id=\"2ec511d\" data-element_type=\"widget\" data-widget_type=\"text-editor.default\">\n\t\t\t\t<div class=\"elementor-widget-container\">\n\t\t\t\t\t\t\t\t<div class=\"elementor-text-editor elementor-clearfix\">\n\t\t\t\t<div class=\"page\" title=\"Page 1\"><div class=\"layoutArea\"><div class=\"column\"><p>\u25ba Erschienen bei medhochzwei,\u00a0 ISBN 978-3-86216-283-3<\/p><\/div><\/div><\/div>\t\t\t\t\t<\/div>\n\t\t\t\t\t\t<\/div>\n\t\t\t\t<\/div>\n\t\t\t\t\t\t<\/div>\n\t\t\t\t\t<\/div>\n\t\t<\/div>\n\t\t\t\t<div class=\"elementor-column elementor-col-50 elementor-inner-column elementor-element elementor-element-be010d4\" data-id=\"be010d4\" data-element_type=\"column\">\n\t\t\t<div class=\"elementor-column-wrap elementor-element-populated\">\n\t\t\t\t\t\t\t<div class=\"elementor-widget-wrap\">\n\t\t\t\t\t\t<div class=\"elementor-element elementor-element-fad2d4d elementor-widget elementor-widget-image\" data-id=\"fad2d4d\" data-element_type=\"widget\" data-widget_type=\"image.default\">\n\t\t\t\t<div class=\"elementor-widget-container\">\n\t\t\t\t\t\t\t\t<div class=\"elementor-image\">\n\t\t\t\t\t\t\t\t\t\t\t\t<img width=\"595\" height=\"595\" src=\"https:\/\/trotzdem.org\/wp-content\/uploads\/2020\/07\/IMG_0469-Kopie.jpg\" class=\"attachment-large size-large\" alt=\"Helga Rohra - Ja zum Leben trotz Demenz\" loading=\"lazy\" srcset=\"https:\/\/trotzdem.org\/wp-content\/uploads\/2020\/07\/IMG_0469-Kopie.jpg 595w, https:\/\/trotzdem.org\/wp-content\/uploads\/2020\/07\/IMG_0469-Kopie-300x300.jpg 300w, https:\/\/trotzdem.org\/wp-content\/uploads\/2020\/07\/IMG_0469-Kopie-150x150.jpg 150w\" sizes=\"(max-width: 595px) 100vw, 595px\" \/>\t\t\t\t\t\t\t\t\t\t\t\t\t\t<\/div>\n\t\t\t\t\t\t<\/div>\n\t\t\t\t<\/div>\n\t\t\t\t\t\t<\/div>\n\t\t\t\t\t<\/div>\n\t\t<\/div>\n\t\t\t\t\t\t\t\t<\/div>\n\t\t\t\t\t<\/div>\n\t\t<\/section>\n\t\t\t\t<section class=\"elementor-section elementor-inner-section elementor-element elementor-element-d5bad16 elementor-section-boxed elementor-section-height-default elementor-section-height-default\" data-id=\"d5bad16\" data-element_type=\"section\">\n\t\t\t\t\t\t<div class=\"elementor-container elementor-column-gap-default\">\n\t\t\t\t\t\t\t<div class=\"elementor-row\">\n\t\t\t\t\t<div class=\"elementor-column elementor-col-50 elementor-inner-column elementor-element elementor-element-181e7a1\" data-id=\"181e7a1\" data-element_type=\"column\">\n\t\t\t<div class=\"elementor-column-wrap elementor-element-populated\">\n\t\t\t\t\t\t\t<div class=\"elementor-widget-wrap\">\n\t\t\t\t\t\t<div class=\"elementor-element elementor-element-ffb9bc6 elementor-widget elementor-widget-heading\" data-id=\"ffb9bc6\" data-element_type=\"widget\" data-widget_type=\"heading.default\">\n\t\t\t\t<div class=\"elementor-widget-container\">\n\t\t\t<h2 class=\"elementor-heading-title elementor-size-default\">Ja zum Leben - Das H\u00f6rbuch<\/h2>\t\t<\/div>\n\t\t\t\t<\/div>\n\t\t\t\t<div class=\"elementor-element elementor-element-696e5b1 elementor-widget elementor-widget-text-editor\" data-id=\"696e5b1\" data-element_type=\"widget\" data-widget_type=\"text-editor.default\">\n\t\t\t\t<div class=\"elementor-widget-container\">\n\t\t\t\t\t\t\t\t<div class=\"elementor-text-editor elementor-clearfix\">\n\t\t\t\t<b>Von Helga Rohra selbst gelesen<\/b>\n<br><br>\nHelga Rohra spricht f\u00fcr sich selbst mit Kraft und Nachdruck. So hat sie auch dieses H\u00f6rbuch eingesprochen, welches ein paar Schwerpunkte aus ihrem neuen Buch konzentriert zusammenstellt.\t\t\t\t\t<\/div>\n\t\t\t\t\t\t<\/div>\n\t\t\t\t<\/div>\n\t\t\t\t<div class=\"elementor-element elementor-element-865a7a2 elementor-widget elementor-widget-text-editor\" data-id=\"865a7a2\" data-element_type=\"widget\" data-widget_type=\"text-editor.default\">\n\t\t\t\t<div class=\"elementor-widget-container\">\n\t\t\t\t\t\t\t\t<div class=\"elementor-text-editor elementor-clearfix\">\n\t\t\t\t<div title=\"Page 1\"><div><div><p><span style=\"background-color: transparent;\">\u25ba\u00a0<\/span>Erschienen bei medhochzwei,\u00a0 ISBN 978-3-86216-300-7<\/p><\/div><\/div><\/div>\t\t\t\t\t<\/div>\n\t\t\t\t\t\t<\/div>\n\t\t\t\t<\/div>\n\t\t\t\t\t\t<\/div>\n\t\t\t\t\t<\/div>\n\t\t<\/div>\n\t\t\t\t<div class=\"elementor-column elementor-col-50 elementor-inner-column elementor-element elementor-element-bbf640a\" data-id=\"bbf640a\" data-element_type=\"column\">\n\t\t\t<div class=\"elementor-column-wrap elementor-element-populated\">\n\t\t\t\t\t\t\t<div class=\"elementor-widget-wrap\">\n\t\t\t\t\t\t<div class=\"elementor-element elementor-element-02ce307 elementor-widget elementor-widget-image\" data-id=\"02ce307\" data-element_type=\"widget\" data-widget_type=\"image.default\">\n\t\t\t\t<div class=\"elementor-widget-container\">\n\t\t\t\t\t\t\t\t<div class=\"elementor-image\">\n\t\t\t\t\t\t\t\t\t\t\t\t<img width=\"800\" height=\"713\" src=\"https:\/\/trotzdem.org\/wp-content\/uploads\/2020\/07\/ho\u0308rbuch-Kopie.jpg\" class=\"attachment-large size-large\" alt=\"Helga Rohra - Ja zum Leben trotz Demenz - Das H\u00f6rbuch\" loading=\"lazy\" srcset=\"https:\/\/trotzdem.org\/wp-content\/uploads\/2020\/07\/ho\u0308rbuch-Kopie.jpg 1020w, https:\/\/trotzdem.org\/wp-content\/uploads\/2020\/07\/ho\u0308rbuch-Kopie-300x267.jpg 300w, https:\/\/trotzdem.org\/wp-content\/uploads\/2020\/07\/ho\u0308rbuch-Kopie-768x684.jpg 768w\" sizes=\"(max-width: 800px) 100vw, 800px\" \/>\t\t\t\t\t\t\t\t\t\t\t\t\t\t<\/div>\n\t\t\t\t\t\t<\/div>\n\t\t\t\t<\/div>\n\t\t\t\t\t\t<\/div>\n\t\t\t\t\t<\/div>\n\t\t<\/div>\n\t\t\t\t\t\t\t\t<\/div>\n\t\t\t\t\t<\/div>\n\t\t<\/section>\n\t\t\t\t\t\t<\/div>\n\t\t\t\t\t<\/div>\n\t\t<\/div>\n\t\t\t\t\t\t\t\t<\/div>\n\t\t\t\t\t<\/div>\n\t\t<\/section>\n\t\t\t\t<section class=\"elementor-section elementor-top-section elementor-element elementor-element-f3e331a elementor-section-boxed elementor-section-height-default elementor-section-height-default\" data-id=\"f3e331a\" data-element_type=\"section\">\n\t\t\t\t\t\t<div class=\"elementor-container elementor-column-gap-default\">\n\t\t\t\t\t\t\t<div class=\"elementor-row\">\n\t\t\t\t\t<div class=\"elementor-column elementor-col-100 elementor-top-column elementor-element elementor-element-466f3d6\" data-id=\"466f3d6\" data-element_type=\"column\">\n\t\t\t<div class=\"elementor-column-wrap elementor-element-populated\">\n\t\t\t\t\t\t\t<div class=\"elementor-widget-wrap\">\n\t\t\t\t\t\t<div class=\"elementor-element elementor-element-dec6c97 elementor-widget elementor-widget-menu-anchor\" data-id=\"dec6c97\" data-element_type=\"widget\" data-widget_type=\"menu-anchor.default\">\n\t\t\t\t<div class=\"elementor-widget-container\">\n\t\t\t\t\t<div id=\"beratung\" class=\"elementor-menu-anchor\"><\/div>\n\t\t\t\t<\/div>\n\t\t\t\t<\/div>\n\t\t\t\t\t\t<\/div>\n\t\t\t\t\t<\/div>\n\t\t<\/div>\n\t\t\t\t\t\t\t\t<\/div>\n\t\t\t\t\t<\/div>\n\t\t<\/section>\n\t\t\t\t<section class=\"elementor-section elementor-top-section elementor-element elementor-element-2af4c7a elementor-section-content-middle elementor-reverse-mobile elementor-section-boxed elementor-section-height-default elementor-section-height-default\" data-id=\"2af4c7a\" data-element_type=\"section\" data-settings=\"{&quot;background_background&quot;:&quot;classic&quot;}\">\n\t\t\t\t\t\t<div class=\"elementor-container elementor-column-gap-no\">\n\t\t\t\t\t\t\t<div class=\"elementor-row\">\n\t\t\t\t\t<div class=\"elementor-column elementor-col-50 elementor-top-column elementor-element elementor-element-04aa08d\" data-id=\"04aa08d\" data-element_type=\"column\">\n\t\t\t<div class=\"elementor-column-wrap elementor-element-populated\">\n\t\t\t\t\t\t\t<div class=\"elementor-widget-wrap\">\n\t\t\t\t\t\t<div class=\"elementor-element elementor-element-0aad40f elementor-widget elementor-widget-image\" data-id=\"0aad40f\" data-element_type=\"widget\" data-widget_type=\"image.default\">\n\t\t\t\t<div class=\"elementor-widget-container\">\n\t\t\t\t\t\t\t\t<div class=\"elementor-image\">\n\t\t\t\t\t\t\t\t\t\t\t\t<img width=\"289\" height=\"289\" src=\"https:\/\/trotzdem.org\/wp-content\/uploads\/2022\/03\/rohra_profilbild_neuerabschnitt.png\" class=\"attachment-full size-full\" alt=\"\" loading=\"lazy\" srcset=\"https:\/\/trotzdem.org\/wp-content\/uploads\/2022\/03\/rohra_profilbild_neuerabschnitt.png 289w, https:\/\/trotzdem.org\/wp-content\/uploads\/2022\/03\/rohra_profilbild_neuerabschnitt-150x150.png 150w\" sizes=\"(max-width: 289px) 100vw, 289px\" \/>\t\t\t\t\t\t\t\t\t\t\t\t\t\t<\/div>\n\t\t\t\t\t\t<\/div>\n\t\t\t\t<\/div>\n\t\t\t\t\t\t<\/div>\n\t\t\t\t\t<\/div>\n\t\t<\/div>\n\t\t\t\t<div class=\"elementor-column elementor-col-50 elementor-top-column elementor-element elementor-element-7357efb\" data-id=\"7357efb\" data-element_type=\"column\">\n\t\t\t<div class=\"elementor-column-wrap elementor-element-populated\">\n\t\t\t\t\t\t\t<div class=\"elementor-widget-wrap\">\n\t\t\t\t\t\t<div class=\"elementor-element elementor-element-ea498ec elementor-widget elementor-widget-text-editor\" data-id=\"ea498ec\" data-element_type=\"widget\" data-widget_type=\"text-editor.default\">\n\t\t\t\t<div class=\"elementor-widget-container\">\n\t\t\t\t\t\t\t\t<div class=\"elementor-text-editor elementor-clearfix\">\n\t\t\t\t<h1><span style=\"color: #ffb000;\">Zusammen<\/span> sind wir stark und zusammen schaffen wir das &#8211;<span style=\"color: #ffb000;\"> trotzdem!<\/span><\/h1>\n<p>Die Diagnose Demenz ist eine Herausforderung f\u00fcr das Leben von Betroffenen und Angeh\u00f6rigen<\/p>\n<p>Beide Seiten brauchen jetzt wirksame Unterst\u00fctzung.<\/p>\n<p>Die finden Sie bei uns.<\/p>\n<p><\/p>\n<p><b>F\u00fcr Betroffene und Angeh\u00f6rige.<\/b><\/p>\n<p><\/p>\n<p>Liebe Betroffene &#8230;<\/p>\n<ul>\n<li>Sie stehen vor einer Demenz Diagnose?<\/li>\n<li>Sie sind mit dieser Diagnose alleine?<\/li>\n<li>Sie, Ihr(e) PartnerIN und Ihre Angeh\u00f6rigen sind \u00fcberfordert und orientierungslos?<\/li>\n<li>Sie wissen nicht, wie Sie mit der Diagnose umgehen sollen?<\/li>\n<li>Sie f\u00fchlen sich traurig, verzweifelt, gel\u00e4hmt?<\/li>\n<li>Sie fragen sich: Was ist jetzt zu tun?<\/li><br><\/ul>\n<p>Ich bin f\u00fcr Sie da!<\/p>\n<p>Mit meinem \u00fcber 30j\u00e4hrigen Wissen und meiner Erfahrung im Bereich der Neurologie, der Forschung und der Arbeit mit Demenzbetroffen, sowie meiner 12-j\u00e4hrigen Erfahrung als Betroffene mit Lewy- Body-Demenz und Alzheimer, bin ich Deine Expertin.<\/p>\n<p>Meine Botschaft an Dich: Es gibt trotzDEM ein erf\u00fclltes Leben!<\/p>\n<p><b>Mein Angebot f\u00fcr Betroffene:<\/b><\/p>\n<p>Kostenfreies Erstgespr\u00e4ch<\/p>\n<p>In einem telefonischen, f\u00fcr Sie kostenfreien Erstgespr\u00e4ch von 20 Minuten, schildern Sie mir Ihre Situation. Wir schauen, welche Schritte zun\u00e4chst hilfreich sind, um Ihre Herausforderung anzugehen. Wenn Sie dann das Gef\u00fchl haben, dass ich Ihnen helfen kann, k\u00f6nnen wir starten.<\/p>\n<p><b>Mein Coachingangebot:<\/b><\/p>\n<p>Coaching: 60 Minuten 100 \u20ac<\/p>\n<p>Coachingpakete: 5 Stunden 450 \u20ac &#8211; 10 Stunden 900 \u20ac<\/p>\n<p>Ich freue mich auf Sie!<\/p>\t\t\t\t\t<\/div>\n\t\t\t\t\t\t<\/div>\n\t\t\t\t<\/div>\n\t\t\t\t<div class=\"elementor-element elementor-element-d6b2539 elementor-widget elementor-widget-heading\" data-id=\"d6b2539\" data-element_type=\"widget\" data-widget_type=\"heading.default\">\n\t\t\t\t<div class=\"elementor-widget-container\">\n\t\t\t<h2 class=\"elementor-heading-title elementor-size-default\">Ihre<br>Helga Rohra<\/h2>\t\t<\/div>\n\t\t\t\t<\/div>\n\t\t\t\t<div class=\"elementor-element elementor-element-09d07aa elementor-widget elementor-widget-spacer\" data-id=\"09d07aa\" data-element_type=\"widget\" data-widget_type=\"spacer.default\">\n\t\t\t\t<div class=\"elementor-widget-container\">\n\t\t\t\t\t<div class=\"elementor-spacer\">\n\t\t\t<div class=\"elementor-spacer-inner\"><\/div>\n\t\t<\/div>\n\t\t\t\t<\/div>\n\t\t\t\t<\/div>\n\t\t\t\t<div class=\"elementor-element elementor-element-6ac01e9 elementor-mobile-align-center elementor-align-left elementor-invisible elementor-widget elementor-widget-button\" data-id=\"6ac01e9\" data-element_type=\"widget\" data-settings=\"{&quot;_animation&quot;:&quot;zoomIn&quot;}\" data-widget_type=\"button.default\">\n\t\t\t\t<div class=\"elementor-widget-container\">\n\t\t\t\t\t<div class=\"elementor-button-wrapper\">\n\t\t\t<a href=\"#elementor-action%3Aaction%3Dpopup%3Aopen%26settings%3DeyJpZCI6IjIzMyIsInRvZ2dsZSI6ZmFsc2V9\" class=\"elementor-button-link elementor-button elementor-size-lg elementor-animation-grow\" role=\"button\">\n\t\t\t\t\t\t<span class=\"elementor-button-content-wrapper\">\n\t\t\t\t\t\t<span class=\"elementor-button-text\">Kontakt<\/span>\n\t\t<\/span>\n\t\t\t\t\t<\/a>\n\t\t<\/div>\n\t\t\t\t<\/div>\n\t\t\t\t<\/div>\n\t\t\t\t\t\t<\/div>\n\t\t\t\t\t<\/div>\n\t\t<\/div>\n\t\t\t\t\t\t\t\t<\/div>\n\t\t\t\t\t<\/div>\n\t\t<\/section>\n\t\t\t\t<section class=\"elementor-section elementor-top-section elementor-element elementor-element-4311f6c elementor-section-boxed elementor-section-height-default elementor-section-height-default\" data-id=\"4311f6c\" data-element_type=\"section\">\n\t\t\t\t\t\t<div class=\"elementor-container elementor-column-gap-default\">\n\t\t\t\t\t\t\t<div class=\"elementor-row\">\n\t\t\t\t\t<div class=\"elementor-column elementor-col-100 elementor-top-column elementor-element elementor-element-d0e3224\" data-id=\"d0e3224\" data-element_type=\"column\">\n\t\t\t<div class=\"elementor-column-wrap elementor-element-populated\">\n\t\t\t\t\t\t\t<div class=\"elementor-widget-wrap\">\n\t\t\t\t\t\t<div class=\"elementor-element elementor-element-05ba76e elementor-widget-divider--view-line elementor-widget elementor-widget-divider\" data-id=\"05ba76e\" data-element_type=\"widget\" data-widget_type=\"divider.default\">\n\t\t\t\t<div class=\"elementor-widget-container\">\n\t\t\t\t\t<div class=\"elementor-divider\">\n\t\t\t<span class=\"elementor-divider-separator\">\n\t\t\t\t\t\t<\/span>\n\t\t<\/div>\n\t\t\t\t<\/div>\n\t\t\t\t<\/div>\n\t\t\t\t\t\t<\/div>\n\t\t\t\t\t<\/div>\n\t\t<\/div>\n\t\t\t\t\t\t\t\t<\/div>\n\t\t\t\t\t<\/div>\n\t\t<\/section>\n\t\t\t\t<section class=\"elementor-section elementor-top-section elementor-element elementor-element-e84a9cf elementor-section-content-middle elementor-reverse-mobile elementor-section-boxed elementor-section-height-default elementor-section-height-default\" data-id=\"e84a9cf\" data-element_type=\"section\" data-settings=\"{&quot;background_background&quot;:&quot;classic&quot;}\">\n\t\t\t\t\t\t<div class=\"elementor-container elementor-column-gap-no\">\n\t\t\t\t\t\t\t<div class=\"elementor-row\">\n\t\t\t\t\t<div class=\"elementor-column elementor-col-50 elementor-top-column elementor-element elementor-element-c8b617c\" data-id=\"c8b617c\" data-element_type=\"column\">\n\t\t\t<div class=\"elementor-column-wrap elementor-element-populated\">\n\t\t\t\t\t\t\t<div class=\"elementor-widget-wrap\">\n\t\t\t\t\t\t<div class=\"elementor-element elementor-element-6044507 elementor-widget elementor-widget-image\" data-id=\"6044507\" data-element_type=\"widget\" data-widget_type=\"image.default\">\n\t\t\t\t<div class=\"elementor-widget-container\">\n\t\t\t\t\t\t\t\t<div class=\"elementor-image\">\n\t\t\t\t\t\t\t\t\t\t\t\t<img width=\"279\" height=\"308\" src=\"https:\/\/trotzdem.org\/wp-content\/uploads\/2022\/03\/wende_profilbild_neuerabschnitt.png\" class=\"attachment-full size-full\" alt=\"\" loading=\"lazy\" srcset=\"https:\/\/trotzdem.org\/wp-content\/uploads\/2022\/03\/wende_profilbild_neuerabschnitt.png 279w, https:\/\/trotzdem.org\/wp-content\/uploads\/2022\/03\/wende_profilbild_neuerabschnitt-272x300.png 272w\" sizes=\"(max-width: 279px) 100vw, 279px\" \/>\t\t\t\t\t\t\t\t\t\t\t\t\t\t<\/div>\n\t\t\t\t\t\t<\/div>\n\t\t\t\t<\/div>\n\t\t\t\t\t\t<\/div>\n\t\t\t\t\t<\/div>\n\t\t<\/div>\n\t\t\t\t<div class=\"elementor-column elementor-col-50 elementor-top-column elementor-element elementor-element-7542c0a\" data-id=\"7542c0a\" data-element_type=\"column\">\n\t\t\t<div class=\"elementor-column-wrap elementor-element-populated\">\n\t\t\t\t\t\t\t<div class=\"elementor-widget-wrap\">\n\t\t\t\t\t\t<div class=\"elementor-element elementor-element-d069b14 elementor-widget elementor-widget-text-editor\" data-id=\"d069b14\" data-element_type=\"widget\" data-widget_type=\"text-editor.default\">\n\t\t\t\t<div class=\"elementor-widget-container\">\n\t\t\t\t\t\t\t\t<div class=\"elementor-text-editor elementor-clearfix\">\n\t\t\t\t<p>Liebe<b> <\/b><span style=\"color: #ffb000;\">Angeh\u00f6rige<\/span><\/p>\n<p><span style=\"font-size: 11.0pt; mso-fareast-font-family: 'Times New Roman'; mso-bidi-font-family: 'Times New Roman';\">Durch eine Demenz wird vieles anders.<\/span><\/p>\n<p><span style=\"font-size: 11.0pt; mso-fareast-font-family: 'Times New Roman'; mso-bidi-font-family: 'Times New Roman';\">Sie ver\u00e4ndert nicht nur den Betroffenen, sondern auch Ihr Leben.<\/span><\/p>\n<p><span style=\"font-size: 11.0pt; mso-fareast-font-family: 'Times New Roman'; mso-bidi-font-family: 'Times New Roman';\">Demenz betrifft und fordert das ganze Familensystem.<\/span><\/p>\n<p><span style=\"font-size: 11.0pt; mso-fareast-font-family: 'Times New Roman'; mso-bidi-font-family: 'Times New Roman';\">H\u00e4ufig versorgen und pflegen Sie als Angeh\u00f6rige den demenzkranken Menschen.<\/span><span style=\"font-size: 11.0pt; mso-fareast-font-family: 'Times New Roman'; mso-bidi-font-family: 'Times New Roman';\"><br><\/span><\/p>\n<p><span style=\"font-size: 11.0pt; mso-fareast-font-family: 'Times New Roman'; mso-bidi-font-family: 'Times New Roman';\">Das stellt auch Sie vor eine<\/span><span style=\"font-size: 11.0pt; mso-fareast-font-family: 'Times New Roman'; mso-bidi-font-family: 'Times New Roman';\"> Herausforderung.<\/span><span style=\"font-size: 11.0pt; mso-fareast-font-family: 'Times New Roman'; mso-bidi-font-family: 'Times New Roman';\"><br><\/span><\/p>\n<p><span style=\"font-size: 11.0pt; mso-fareast-font-family: 'Times New Roman'; mso-bidi-font-family: 'Times New Roman';\">Das <\/span><span style=\"font-size: 11.0pt; mso-fareast-font-family: 'Times New Roman'; mso-bidi-font-family: 'Times New Roman';\">Zusammenleben wird erschwert und kostet Kraft, seelisch, geistig und k\u00f6rperlich.<\/span><span style=\"font-size: 11.0pt; mso-fareast-font-family: 'Times New Roman'; mso-bidi-font-family: 'Times New Roman';\"> Auch Angeh\u00f6rige brauchen daher<\/span><span style=\"font-size: 11.0pt; mso-fareast-font-family: 'Times New Roman'; mso-bidi-font-family: 'Times New Roman';\"> Unterst\u00fctzung und Begleitung um stabil zu bleiben.<\/span><span style=\"font-size: 11.0pt; mso-fareast-font-family: 'Times New Roman'; mso-bidi-font-family: 'Times New Roman';\"><br><\/span><\/p>\n<p><span style=\"font-size: 11.0pt; mso-fareast-font-family: 'Times New Roman'; mso-bidi-font-family: 'Times New Roman';\">Ich bin f\u00fcr Sie da!<\/span><span style=\"mso-fareast-font-family: 'Times New Roman'; mso-bidi-font-family: 'Times New Roman';\"><br><\/span><\/p>\n<p><span style=\"mso-fareast-font-family: 'Times New Roman'; mso-bidi-font-family: 'Times New Roman';\">Durch meine jahrelange Erfahrung als psychologische Beraterin mit dem Schwerpunkt Krisenintervention, Krisenbew\u00e4ltigung und Co-abh\u00e4ngigkeit unterst\u00fctze ich Sie, wenn es darum geht, emotional und mental stabil zu bleiben um f\u00fcr Ihren Angeh\u00f6rigen da zu sein und <b style=\"mso-bidi-font-weight: normal;\">trotzDEM<\/b> ein zufriedenes eigenes Leben zu gestalten, das sich nicht nur um Ihren demenzkranken Menschen dreht.<\/span><b style=\"mso-bidi-font-weight: normal;\"><span style=\"mso-fareast-font-family: 'Times New Roman'; mso-bidi-font-family: 'Times New Roman'; color: #ff6600;\"><br><\/span><\/b><\/p>\n<p><span style=\"mso-bidi-font-weight: normal;\"><span style=\"mso-fareast-font-family: 'Times New Roman'; mso-bidi-font-family: 'Times New Roman'; color: #ff6600;\"><span style=\"color: #ffb000;\">Nur wer gut f\u00fcr sich selbst sorgt, kann auch gut f\u00fcr andere sorgen!<\/span><\/span><\/span><\/p>\n<p><b style=\"mso-bidi-font-weight: normal;\">Mein Angebot f\u00fcr Sie:<\/b><\/p>\n<p>Kostenfreies Erstgespr\u00e4ch<\/p>\n<p>In einem telefonischen, f\u00fcr Sie kostenfreien Erstgespr\u00e4ch von 20 Minuten, schildern Sie mir Ihre Situation. Wenn Sie dann das Gef\u00fchl haben, dass ich Ihnen helfen kann, k\u00f6nnen wir starten.<b style=\"mso-bidi-font-weight: normal;\"><br><\/b><\/p>\n<p><b style=\"mso-bidi-font-weight: normal;\">Mein Coachingangebot:<\/b><\/p>\n<p>Coaching: 60 Minuten 100\u20ac<\/p>\n<p>Coachingpakete:<\/p>\n<ul>\n<li>5 Stunden 450 \u20ac<\/li>\n<li>10 Stunden 900 \u20ac<\/li>\n<\/ul>\n<p><br><\/p><p>Ich freue mich auf Sie!<\/p>\t\t\t\t\t<\/div>\n\t\t\t\t\t\t<\/div>\n\t\t\t\t<\/div>\n\t\t\t\t<div class=\"elementor-element elementor-element-171fc16 elementor-mobile-align-center elementor-align-left elementor-invisible elementor-widget elementor-widget-button\" data-id=\"171fc16\" data-element_type=\"widget\" data-settings=\"{&quot;_animation&quot;:&quot;zoomIn&quot;}\" data-widget_type=\"button.default\">\n\t\t\t\t<div class=\"elementor-widget-container\">\n\t\t\t\t\t<div class=\"elementor-button-wrapper\">\n\t\t\t<a href=\"mailto:aw@wende-praxis.de\" class=\"elementor-button-link elementor-button elementor-size-lg elementor-animation-grow\" role=\"button\">\n\t\t\t\t\t\t<span class=\"elementor-button-content-wrapper\">\n\t\t\t\t\t\t<span class=\"elementor-button-text\">Kontakt<\/span>\n\t\t<\/span>\n\t\t\t\t\t<\/a>\n\t\t<\/div>\n\t\t\t\t<\/div>\n\t\t\t\t<\/div>\n\t\t\t\t<div class=\"elementor-element elementor-element-48561df elementor-widget elementor-widget-heading\" data-id=\"48561df\" data-element_type=\"widget\" data-widget_type=\"heading.default\">\n\t\t\t\t<div class=\"elementor-widget-container\">\n\t\t\t<h2 class=\"elementor-heading-title elementor-size-default\">Ihre<br>Angelika Wende<\/h2>\t\t<\/div>\n\t\t\t\t<\/div>\n\t\t\t\t\t\t<\/div>\n\t\t\t\t\t<\/div>\n\t\t<\/div>\n\t\t\t\t\t\t\t\t<\/div>\n\t\t\t\t\t<\/div>\n\t\t<\/section>\n\t\t\t\t<section class=\"elementor-section elementor-top-section elementor-element elementor-element-d1c9902 elementor-section-boxed elementor-section-height-default elementor-section-height-default\" data-id=\"d1c9902\" data-element_type=\"section\" data-settings=\"{&quot;background_background&quot;:&quot;classic&quot;}\">\n\t\t\t\t\t\t\t<div class=\"elementor-background-overlay\"><\/div>\n\t\t\t\t\t\t\t<div class=\"elementor-container elementor-column-gap-default\">\n\t\t\t\t\t\t\t<div class=\"elementor-row\">\n\t\t\t\t\t<div class=\"elementor-column elementor-col-100 elementor-top-column elementor-element elementor-element-d805448\" data-id=\"d805448\" data-element_type=\"column\">\n\t\t\t<div class=\"elementor-column-wrap elementor-element-populated\">\n\t\t\t\t\t\t\t<div class=\"elementor-widget-wrap\">\n\t\t\t\t\t\t<div class=\"elementor-element elementor-element-0bd6938 elementor-widget elementor-widget-menu-anchor\" data-id=\"0bd6938\" data-element_type=\"widget\" data-widget_type=\"menu-anchor.default\">\n\t\t\t\t<div class=\"elementor-widget-container\">\n\t\t\t\t\t<div id=\"termine\" class=\"elementor-menu-anchor\"><\/div>\n\t\t\t\t<\/div>\n\t\t\t\t<\/div>\n\t\t\t\t<div class=\"elementor-element elementor-element-bf1eaf0 elementor-widget elementor-widget-heading\" data-id=\"bf1eaf0\" data-element_type=\"widget\" data-widget_type=\"heading.default\">\n\t\t\t\t<div class=\"elementor-widget-container\">\n\t\t\t<h2 class=\"elementor-heading-title elementor-size-default\">Termine &amp; Vortr\u00e4ge<\/h2>\t\t<\/div>\n\t\t\t\t<\/div>\n\t\t\t\t<section class=\"elementor-section elementor-inner-section elementor-element elementor-element-f9c426f elementor-section-full_width elementor-section-height-default elementor-section-height-default\" data-id=\"f9c426f\" data-element_type=\"section\">\n\t\t\t\t\t\t<div class=\"elementor-container elementor-column-gap-default\">\n\t\t\t\t\t\t\t<div class=\"elementor-row\">\n\t\t\t\t\t<div class=\"elementor-column elementor-col-50 elementor-inner-column elementor-element elementor-element-571500c\" data-id=\"571500c\" data-element_type=\"column\">\n\t\t\t<div class=\"elementor-column-wrap elementor-element-populated\">\n\t\t\t\t\t\t\t<div class=\"elementor-widget-wrap\">\n\t\t\t\t\t\t<div class=\"elementor-element elementor-element-2785bbe8 elementor-widget elementor-widget-image\" data-id=\"2785bbe8\" data-element_type=\"widget\" data-widget_type=\"image.default\">\n\t\t\t\t<div class=\"elementor-widget-container\">\n\t\t\t\t\t\t\t\t<div class=\"elementor-image\">\n\t\t\t\t\t\t\t\t\t\t\t\t<img width=\"879\" height=\"994\" src=\"https:\/\/trotzdem.org\/wp-content\/uploads\/2020\/06\/IMG_E4138.jpg\" class=\"attachment-full size-full\" alt=\"Helga Rohra spricht\" loading=\"lazy\" srcset=\"https:\/\/trotzdem.org\/wp-content\/uploads\/2020\/06\/IMG_E4138.jpg 879w, https:\/\/trotzdem.org\/wp-content\/uploads\/2020\/06\/IMG_E4138-265x300.jpg 265w, https:\/\/trotzdem.org\/wp-content\/uploads\/2020\/06\/IMG_E4138-768x868.jpg 768w\" sizes=\"(max-width: 879px) 100vw, 879px\" \/>\t\t\t\t\t\t\t\t\t\t\t\t\t\t<\/div>\n\t\t\t\t\t\t<\/div>\n\t\t\t\t<\/div>\n\t\t\t\t\t\t<\/div>\n\t\t\t\t\t<\/div>\n\t\t<\/div>\n\t\t\t\t<div class=\"elementor-column elementor-col-50 elementor-inner-column elementor-element elementor-element-3d99352\" data-id=\"3d99352\" data-element_type=\"column\">\n\t\t\t<div class=\"elementor-column-wrap elementor-element-populated\">\n\t\t\t\t\t\t\t<div class=\"elementor-widget-wrap\">\n\t\t\t\t\t\t<div class=\"elementor-element elementor-element-1583b8b elementor-widget elementor-widget-posts\" data-id=\"1583b8b\" data-element_type=\"widget\" data-settings=\"{&quot;full_content_row_gap&quot;:{&quot;unit&quot;:&quot;px&quot;,&quot;size&quot;:35,&quot;sizes&quot;:[]}}\" data-widget_type=\"posts.full_content\">\n\t\t\t\t<div class=\"elementor-widget-container\">\n\t\t\t\t\t<div class=\"elementor-posts-container elementor-posts elementor-posts--skin-full_content elementor-grid\">\n\t\t\t\t<article class=\"elementor-post elementor-grid-item post-276 post type-post status-publish format-standard hentry category-kalender\">\n\t\t\t\t<div class=\"elementor-post__text\">\n\t\t\n<h3 class=\"has-vivid-purple-color has-text-color\">                           &#8212;&#8212; 2021 &#8212;&#8212;<\/h3>\n\n\n\n<p><\/p>\n\n\n\n<h2 class=\"has-vivid-purple-color has-text-color\" style=\"font-size:22px\">             <\/h2>\n\n\n\n<p class=\"has-vivid-purple-color has-text-color has-normal-font-size\"><strong>13.01. PensionistenKlub &#8211; Wien<\/strong> <\/p>\n\n\n\n<p class=\"has-vivid-purple-color has-text-color has-normal-font-size\">           <strong> Zoom &#8211; Meeting (Meeting Nr. per Messenger \/ E-Mail anfordern)<\/strong><\/p>\n\n\n\n<p class=\"has-vivid-purple-color has-text-color has-medium-font-size\"><strong>28.01. WHO &#8211; Expert Panel<\/strong> <\/p>\n\n\n\n<p class=\"has-vivid-purple-color has-text-color has-medium-font-size\">                         <strong>(nur geladene TN)<\/strong><\/p>\n\n\n\n<h3 class=\"has-luminous-vivid-amber-color has-text-color\"><\/h3>\n\n\n\n<p class=\"has-luminous-vivid-amber-color has-text-color\" style=\"font-size:21px\">22.02.2021 Alzheimer &#8211; Nationalkonferenz Bukarest (Webinar &#8211; nur geladene TN)<\/p>\n\n\n\n<p class=\"has-vivid-purple-color has-text-color\" style=\"font-size:21px\">25.02.2021 WHO &#8211; Expert Panel <br>Zoom-Meeting (nur geladene TN)<\/p>\n\n\n\n<p><\/p>\n\n\n\n<p class=\"has-vivid-purple-color has-text-color\" style=\"font-size:22px\">04.03.2021 DZNE &#8211; Movement for pwd &#8211; geladene TN<\/p>\n\n\n\n<p class=\"has-luminous-vivid-amber-color has-text-color\" style=\"font-size:22px\">09.03.2021 Promenz &#8211; Wien &#8211; Identit\u00e4tspolitik im Demenzbereich &#8211; Webinar<\/p>\n\n\n\n<p><\/p>\n\n\n\n<p class=\"has-vivid-purple-color has-text-color\" style=\"font-size:24px\"><strong>Medien aktuell<\/strong><\/p>\n\n\n\n<p class=\"has-luminous-vivid-amber-color has-text-color\" style=\"font-size:24px\"> <a href=\"https:\/\/www.wienerzeitung.at\/nachrichten\/chronik\/leben\/2096960-Keine-Angst-wir-sind-Sieger.html?fbclid=IwAR0wVXheeHq3Pu81F2aqThra4vZpRWMs-VXn5yHLfeh_Sd28wPnxNxplug4\" class=\"rank-math-link\" target=\"_blank\" rel=\"noopener\">https:\/\/www.wienerzeitung.at\/nachrichten\/chronik\/leben\/2096960-Keine-Angst-wir-sind-Sieger.html?fbclid=IwAR0wVXheeHq3Pu81F2aqThra4vZpRWMs-VXn5yHLfeh_Sd28wPnxNxplug4<\/a><\/p>\n\n\n\n<h4 class=\"has-vivid-purple-color has-text-color\">18.03.2021 Soci\u00e9t\u00e9 Gerontologie &#8211; Paris &#8211; Universit\u00e9 Gernoble &#8211; geladene TN<\/h4>\n\n\n\n<p class=\"has-luminous-vivid-amber-color has-text-color\" style=\"font-size:26px\">23.03.2021 Tonstudio M\u00fcnchen &#8211; Podcast <\/p>\n\n\n\n<p class=\"has-vivid-purple-color has-text-color\" style=\"font-size:25px\">08.04.2021 WHO Expert Panel &#8211; geladene TN<\/p>\n\n\n\n<p class=\"has-luminous-vivid-amber-color has-text-color\" style=\"font-size:26px\">14.04.2021 DZNE &#8211; Patientenbeirat<br><\/p>\n\n\n\n<p class=\"has-luminous-vivid-amber-color has-text-color\" style=\"font-size:22px\">23.04.2021 AE Webinar &#8211; Das Verk\u00f6rperte Selbst in der Demenz<\/p>\n\n\n\n<p class=\"has-vivid-green-cyan-color has-text-color\" style=\"font-size:24px\"><strong>01.05.2021 &#8211; 01.06.2021 Kreative Auszeit<\/strong><\/p>\n\n\n\n<p class=\"has-text-align-left has-vivid-purple-color has-white-background-color has-text-color has-background\" style=\"font-size:21px\">Di.08.06.2021 BR Studio &#8211; Podcast<\/p>\n\n\n\n<p class=\"has-luminous-vivid-amber-color has-text-color\" style=\"font-size:22px\">22.06.2021 Uni Zams \/ Innsbruck -Vortrag<\/p>\n\n\n\n<p class=\"has-vivid-red-color has-text-color\" style=\"font-size:22px\"><strong> <\/strong><br>29.06.2021 &#8211; DZNE: EU Atlas Migration und Demenz<\/p>\n\n\n\n<p class=\"has-luminous-vivid-amber-color has-text-color\" style=\"font-size:22px\">06.07.2021 &#8211; DZNE Webinar &#8211; Navigation and PWD<\/p>\n\n\n\n<p class=\"has-vivid-purple-color has-text-color\" style=\"font-size:23px\">14.07.2021 &#8211; Demenzraum &#8211; Wien: Webinar Polizei und Menschen mit Demenz<\/p>\n\n\n\n<p class=\"has-luminous-vivid-amber-color has-text-color\" style=\"font-size:22px\">16.07-18.07.2021 &#8211; Hof Rickenbach \/ Luzern &#8211; Projekt<\/p>\n\n\n\n<p class=\"has-vivid-purple-color has-text-color\" style=\"font-size:23px\">19.08.2021 &#8211; WHO  Brain Health Unit &#8211; Webinar<\/p>\n\n\n\n<p class=\"has-luminous-vivid-amber-color has-text-color\" style=\"font-size:23px\">15.09.2021 &#8211; Uni Regensburg &#8211; Vortrag<\/p>\n\n\n\n<p class=\"has-vivid-purple-color has-text-color\" style=\"font-size:23px\">16.09.-17.09.2021 Pflege in Balance &#8211; Workshop &#8211; K\u00f6ln<\/p>\n\n\n\n<p class=\"has-vivid-green-cyan-color has-text-color\" style=\"font-size:23px\">20.09.-21.09.2021 Alto Adige \/ Monika Kripp &#8211; Workshop &#8211; Bozen &#8211; Welt-Alzheimer-Tag<\/p>\n\n\n\n<p class=\"has-vivid-purple-color has-text-color\" style=\"font-size:23px\">21.09.2021 17:00-19:00 Uhr Demenz-RAUM, Wien &#8211; Vortrag<br><\/p>\n\n\n\n<p class=\"has-luminous-vivid-amber-color has-text-color\" style=\"font-size:22px\">25.-26.09.2021 Hof Rickenbach \/ Luzern &#8211; Er\u00f6ffnung Demenzzentrum <\/p>\n\n\n\n<p class=\"has-vivid-red-color has-text-color has-medium-font-size\">17.-29.09.2021<\/p>\n\n\n\n<p class=\"has-vivid-red-color has-light-green-cyan-background-color has-text-color has-background\">DEMENZ IST ANDERS &#8211; ONLINE SYMPOSIUM ( Anmeldung \u00fcber Facebook-Link)<\/p>\n\n\n\n<p class=\"has-vivid-purple-color has-text-color\" style=\"font-size:22px\">26. &#8211; 30.10.2021 S\u00fcd-Ost-Europa Demenzkonferenz &#8211; Wien\/ Donauuniversit\u00e4t Krems<\/p>\n\n\n\n<p class=\"has-luminous-vivid-amber-color has-text-color\" style=\"font-size:22px\">01.11.2021 WDC (World Dementia Council) &#8211; London &#8211; Webinar<\/p>\n\n\n\n<p><\/p>\n\n\n\n<p class=\"has-vivid-purple-color has-text-color\" style=\"font-size:22px\">17. &#8211; 19.11.2021 DZNE in Bonn; Universit\u00e4t Witten\/Herdecke &#8211; TanDEM; Workshop PhD <\/p>\n\n\n\n<p><\/p>\n\n\n\n<p class=\"has-vivid-green-cyan-color has-text-color\" style=\"font-size:22px\">25.11.2021 St. Anton in Tirol &#8211; &#8222;Chaos im Kopf&#8220; \/ Vortrag &#8211; Orga: Verein Lichtblick<\/p>\n\n\n\n<p><\/p>\n\n\n\n<p class=\"has-vivid-purple-color has-text-color\" style=\"font-size:22px\">13.- 15.12.2021 WHO &#8211; 10th Global Health Conference &#8211; Hybrid G\u00e9n\u00e8ve &#8211; Panelist <\/p>\n\n\n\n<p><\/p>\n\n\n\n<p style=\"font-size:25px\"><em><span class=\"has-inline-color has-vivid-red-color\"><strong>Frohes Fest! &#8211; Merry Christmas! <\/strong><\/span><\/em><\/p>\n\n\n\n<p><\/p>\n\n\n\n<p style=\"font-size:22px\"><mark style=\"background-color:rgba(0, 0, 0, 0)\" class=\"has-inline-color has-vivid-red-color\">&#8212;&#8212;&#8212; \/\/ &#8212;&#8212;&#8212; 2022 &#8212;&#8212;&#8212;&#8212; \/\/&#8212;&#8212;&#8212;-<\/mark><\/p>\n\n\n\n<p class=\"has-luminous-vivid-amber-color has-text-color\" style=\"font-size:22px\">13.01.2022 Workshop Alzheimer France &#8211; Zoom &#8211; Paris<\/p>\n\n\n\n<p class=\"has-luminous-vivid-amber-color has-text-color\" style=\"font-size:22px\"><span class=\"has-inline-color has-luminous-vivid-orange-color\"><\/span>25.01.2022 DZNE Patientenbeirat Workshop Gesundheits App &#8211; DZNE Bonn<\/p>\n\n\n\n<p class=\"has-luminous-vivid-amber-color has-text-color\" style=\"font-size:22px\">27.01.2022 DZNE Patientenbeirat Klinische Forschung Panel &#8211; DZNE<\/p>\n\n\n\n<p class=\"has-vivid-purple-color has-text-color\" style=\"font-size:22px\">10.02.2022 WHO Brain Health Unit &#8211; Zoom<\/p>\n\n\n\n<p class=\"has-vivid-purple-color has-text-color\" style=\"font-size:22px\">10.02.2022 Podcast Hirn &amp; Heinrich<\/p>\n\n\n\n<p class=\"has-vivid-purple-color has-text-color\" style=\"font-size:22px\">11.02.2022 Vortrag &#8222;Nichts \u00fcber uns ohne uns&#8220; &#8211; (Partizipative Forschung) &#8211; Universit\u00e4t Frankfurt <\/p>\n\n\n\n<p class=\"has-luminous-vivid-amber-color has-text-color\" style=\"font-size:22px\">14.03.2022 DZNE Workshop &#8222;Demenzfreundliches Krankenhaus&#8220;<\/p>\n\n\n\n<p class=\"has-luminous-vivid-amber-color has-text-color\" style=\"font-size:22px\">22.03.2022 DZNE &#8211; USA (TaNDEM &#8211; geladene TN) <\/p>\n\n\n\n<p class=\"has-luminous-vivid-amber-color has-text-color\" style=\"font-size:22px\">31.03.2022 DZNE Workshop &#8222;Demenzfreundliches Krankenhaus&#8220;<\/p>\n\n\n\n<p class=\"has-luminous-vivid-amber-color has-text-color\" style=\"font-size:22px\">31.03.2022 DZNE Patientenbeirat<\/p>\n\n\n\n<p class=\"has-vivid-red-color has-text-color\" style=\"font-size:24px\">14.04.2022 &#8211; WHO Brain Health Unit &#8211; Workshop<\/p>\n\n\n\n<p class=\"has-vivid-red-color has-text-color\" style=\"font-size:22px\">28.04.2022 &#8211; JATROS ( Fachmagazin Neuro \/ Psychiatrie ) &#8211; Interview <\/p>\n\n\n\n<p class=\"has-vivid-cyan-blue-color has-text-color\" style=\"font-size:22px\">10.05.2022 &#8211; Hochschule D\u00fcsseldorf &#8211; Vortrag &#8211; &#8222;Empowerment trotz Demenz&#8220; &#8211; Hybrid-Veranstaltung<\/p>\n\n\n\n<p class=\"has-vivid-cyan-blue-color has-text-color\" style=\"font-size:21px\">18.05.2022 &#8211; DZNE Patientenbeirat ( geladene TN)<\/p>\n\n\n\n<p class=\"has-vivid-purple-color has-text-color\" style=\"font-size:22px\">07. &#8211; 09.06.2022 INTEGRA &#8211; Wels &#8211; \u00d6sterreich &#8211; Vortrag und Workshop ( Details \u00fcber  <a href=\"https:\/\/www.integra.at\/aussteller\/downloadbereich\" data-type=\"URL\" data-id=\"https:\/\/www.integra.at\/aussteller\/downloadbereich\" target=\"_blank\" rel=\"noopener\">https:\/\/www.integra.at\/aussteller\/downloadbereich<\/a> ) <\/p>\n\n\n\n<p class=\"has-vivid-purple-color has-text-color\" style=\"font-size:22px\">23.06.2022 Drehtag 3sat \/ ZDF Info<\/p>\n\n\n\n<p class=\"has-vivid-purple-color has-text-color\" style=\"font-size:22px\">27.06.2022 Universit\u00e4t Applied Sciences Krems \/ \u00d6sterreich &#8211; Vortrag \/ Podiumsdiskussion<\/p>\n\n\n\n<p class=\"has-luminous-vivid-amber-color has-text-color has-medium-font-size\">04.07.2022 &#8211; Interview Verlag Neurologie \/ Psychiatrie &#8211; Wien<\/p>\n\n\n\n<p class=\"has-luminous-vivid-amber-color has-text-color has-medium-font-size\">07.07.2022 &#8211; Interview Buchprojekt &#8211; Universit\u00e4t G\u00f6teborg &#8211; Schweden<\/p>\n\n\n\n<p class=\"has-luminous-vivid-amber-color has-text-color has-medium-font-size\">14.07.2022 &#8211; Interview Sente Mente \/ Fachorganisation &#8211; Verona<\/p>\n\n\n\n<p class=\"has-luminous-vivid-amber-color has-text-color has-medium-font-size\">22.07.2022 &#8211;  Workshop Brain Health Unit \/ WHO (virtuell)<\/p>\n\n\n\n<p class=\"has-vivid-green-cyan-color has-text-color\">AUGUST &#8211; Ferienzeit<\/p>\n\n\n\n<p class=\"has-vivid-purple-color has-text-color\" style=\"font-size:22px\">12.09.2022 &#8211; Universit\u00e4t Krems &#8211; &#8222;Demenz Summit Austria&#8220; &#8211; Plenardiskussion<\/p>\n\n\n\n<p class=\"has-vivid-purple-color has-text-color\" style=\"font-size:22px\">17.09.2022 &#8211; Heidenheim Congresszentrum &#8211; Alzheimer BaW\u00fc &#8211; Vortrag<\/p>\n\n\n\n<p class=\"has-vivid-purple-color has-text-color\" style=\"font-size:22px\">21.09.2022 &#8211; WELTALZHEIMERTAG &#8211; Diakonie Gotha \/ Waltershausen &#8211; Vortrag<\/p>\n\n\n\n<p class=\"has-vivid-purple-color has-text-color\" style=\"font-size:22px\">23.09.2022 &#8211; Biberach &#8211; Landratsamt &#8211; Vortrag<\/p>\n\n\n\n<p class=\"has-vivid-purple-color has-text-color\" style=\"font-size:22px\">24.09.2022 &#8211; S\u00fcdosteuropa &#8211; Alzheimerkonferenz Sarajevo &#8211; Keynote<\/p>\n\n\n\n<p class=\"has-vivid-purple-color has-text-color\" style=\"font-size:22px\">26.09.2022 &#8211; Amberg &#8211; <strong>Benefizveranstaltung <\/strong>f\u00fcr Pflegende Angeh\u00f6rige &#8211; Vortrag<\/p>\n\n\n\n<p class=\"has-vivid-purple-color has-text-color\" style=\"font-size:22px\">30.09.2022 &#8211; DAG M\u00fchlheim\/Ruhr &#8211; Pr\u00e4sentation DZNE<\/p>\n\n\n\n<p class=\"has-vivid-green-cyan-color has-text-color\" style=\"font-size:22px\">07.10.2022 &#8211; Finales Interview JATROS ( Jubil\u00e4umsausgabe Neurologie-Psychiatriezeitschrift)<\/p>\n\n\n\n<p class=\"has-vivid-green-cyan-color has-text-color\" style=\"font-size:22px\">20.10.2022 DZNE Workshop online <\/p>\n\n\n\n<p class=\"has-vivid-green-cyan-color has-text-color\" style=\"font-size:22px\">21.10.2022 Uni Krems &#8211; Vorbereitung Workshop<\/p>\n\n\n\n<p class=\"has-vivid-purple-color has-text-color\" style=\"font-size:22px\">04.11.2022 Dementia Summit &#8211; Wien &#8211; Hybridveranstaltung<\/p>\n\n\n\n<p class=\"has-vivid-purple-color has-text-color\" style=\"font-size:24px\">16.11.2022 \/ 29.11.2022 BMBF &#8211; Workshop -virtuell<\/p>\n\n\n\n<p class=\"has-vivid-green-cyan-color has-text-color\" style=\"font-size:24px\">02.12.2022 WHO Brain Health Unit &#8211; virtuell <\/p>\n\n\n\n<p class=\"has-vivid-green-cyan-color has-text-color\" style=\"font-size:24px\">08.12.2022 DZNE &#8211; PreDEM \/ BMBF &#8211; Bonn<\/p>\n\n\n\n<p class=\"has-vivid-green-cyan-color has-text-color\" style=\"font-size:24px\">14.12.2022 Univ. Sao Paolo &#8211; Walk the Talk for Dementia &#8211; virtuell<\/p>\n\n\n\n<p><\/p>\n\n\n\n<p class=\"has-large-font-size\"><em><mark style=\"background-color:rgba(0, 0, 0, 0)\" class=\"has-inline-color has-vivid-red-color\"><strong>Frohes Fest! &#8211; Merry Christmas! <\/strong><\/mark><\/em><\/p>\n\n\n\n<p class=\"has-vivid-cyan-blue-color has-text-color has-large-font-size\">******** 2023 *******<\/p>\n\n\n\n<p class=\"has-vivid-purple-color has-text-color\" style=\"font-size:22px\">10.01.2023 Global Voice Solidarity &#8211; Univ. Sao Paolo<\/p>\n\n\n\n<p class=\"has-vivid-purple-color has-text-color\" style=\"font-size:22px\">20.01.2023 Anniversary DZNE &#8211; Bonn<\/p>\n\n\n\n<p class=\"has-luminous-vivid-amber-color has-text-color\" style=\"font-size:22px\">09.02.2023 Workshop DZNE &#8211; Univ. Witten-Herdecke <\/p>\n\n\n\n<p class=\"has-luminous-vivid-amber-color has-text-color\" style=\"font-size:22px\">16.02.2023 Workshop DZNE &#8211; Univ. Witten Herdecke<\/p>\n\n\n\n<p class=\"has-vivid-green-cyan-color has-text-color\" style=\"font-size:22px\">07.03.2023 Video-Spot &#8211;  DZNE &#8211; Bonn<\/p>\n\n\n\n<p class=\"has-vivid-green-cyan-color has-text-color\" style=\"font-size:22px\">09.03.2023 Project DZNE &#8211; Univ. Witten Herdecke<\/p>\n\n\n\n<p class=\"has-vivid-green-cyan-color has-text-color\" style=\"font-size:22px\">10.03.2023 Workshop Global WHO<\/p>\n\n\n\n<p class=\"has-vivid-green-cyan-color has-text-color\" style=\"font-size:22px\">23.03.2023 Vortrag &#8211; Regenstauf \/ Jahnhalle<\/p>\n\n\n\n<p class=\"has-vivid-purple-color has-text-color\" style=\"font-size:22px\">05.04.2023 Workshop DZNE &#8211; Uni Witten-Herdecke<\/p>\n\n\n\n<p class=\"has-vivid-purple-color has-text-color\" style=\"font-size:22px\">25.04.2023 Workshop DZG Patient Advisory Board <\/p>\n\n\n\n<p class=\"has-vivid-purple-color has-text-color\" style=\"font-size:22px\">26.04.2023 Vortrag &#8211; Fachstelle Demenz Schwaben &#8211; Augsburg<\/p>\n\n\n\n<p class=\"has-luminous-vivid-amber-color has-text-color\" style=\"font-size:22px\">10.05.2023 Vortrag Malteser Stuttgart <\/p>\n\n\n\n<p class=\"has-luminous-vivid-amber-color has-text-color\" style=\"font-size:22px\">11.05.2023 Projektarbeit DZNE &#8211; Uni Witten-Herdecke<\/p>\n\n\n\n<p class=\"has-vivid-green-cyan-color has-text-color\" style=\"font-size:22px\">01.06.2023 Patientenbeirat DZNE &#8211; Uni Witten-Herdecke<\/p>\n\n\n\n<p class=\"has-vivid-green-cyan-color has-text-color\" style=\"font-size:22px\">15.06.2023 Vortrag Landratsamt G\u00fcnzburg<\/p>\n\n\n\n<p class=\"has-vivid-red-color has-text-color\" style=\"font-size:22px\">Alle Veranstaltungen mit genauen Angaben sind zu finden auf: <\/p>\n\n\n\n<p class=\"has-vivid-red-color has-text-color\" style=\"font-size:22px\">Facebook &#8211; Helga Rohra (Profil)<\/p>\n\n\n\n<p><\/p>\n\n\n\n<p class=\"has-vivid-green-cyan-color has-text-color has-x-large-font-size\"><strong>&#8212;&#8212;&#8212;- 2024 &#8212;&#8212;&#8212;-<\/strong><\/p>\n\n\n\n<p class=\"has-vivid-purple-color has-text-color has-large-font-size\">Danke f\u00fcr das entgegengebrachte Vertrauen. <\/p>\n\n\n\n<p class=\"has-vivid-purple-color has-text-color has-large-font-size\">Seit dem 01.07.2023 ist meine Homepage nicht mehr aktiv. <\/p>\n\n\n\n<p class=\"has-vivid-purple-color has-text-color has-large-font-size\">Ab dem 01.01.2024 bin ich erreichbar \u00fcber die Sozialen Medien (Facebook, Instagram)<\/p>\n\t\t<\/div>\n\t\t\t\t<\/article>\n\t\t\t\t<\/div>\n\n\n\t\t\n\t\t\t\t<\/div>\n\t\t\t\t<\/div>\n\t\t\t\t\t\t<\/div>\n\t\t\t\t\t<\/div>\n\t\t<\/div>\n\t\t\t\t\t\t\t\t<\/div>\n\t\t\t\t\t<\/div>\n\t\t<\/section>\n\t\t\t\t\t\t<\/div>\n\t\t\t\t\t<\/div>\n\t\t<\/div>\n\t\t\t\t\t\t\t\t<\/div>\n\t\t\t\t\t<\/div>\n\t\t<\/section>\n\t\t\t\t<section class=\"elementor-section elementor-top-section elementor-element elementor-element-2ea1c0f elementor-section-full_width elementor-section-height-min-height elementor-section-height-default elementor-section-items-middle\" data-id=\"2ea1c0f\" data-element_type=\"section\" data-settings=\"{&quot;background_background&quot;:&quot;classic&quot;,&quot;shape_divider_top&quot;:&quot;arrow&quot;}\">\n\t\t\t\t\t<div class=\"elementor-shape elementor-shape-top\" data-negative=\"false\">\n\t\t\t<svg xmlns=\"http:\/\/www.w3.org\/2000\/svg\" viewBox=\"0 0 700 10\" preserveAspectRatio=\"none\">\n\t<path class=\"elementor-shape-fill\" d=\"M350,10L340,0h20L350,10z\"\/>\n<\/svg>\t\t<\/div>\n\t\t\t\t\t<div class=\"elementor-container elementor-column-gap-default\">\n\t\t\t\t\t\t\t<div class=\"elementor-row\">\n\t\t\t\t\t<div class=\"elementor-column elementor-col-100 elementor-top-column elementor-element elementor-element-b2e09e1\" data-id=\"b2e09e1\" data-element_type=\"column\">\n\t\t\t<div class=\"elementor-column-wrap elementor-element-populated\">\n\t\t\t\t\t\t\t<div class=\"elementor-widget-wrap\">\n\t\t\t\t\t\t<div class=\"elementor-element elementor-element-1522f8e elementor-widget elementor-widget-heading\" data-id=\"1522f8e\" data-element_type=\"widget\" data-widget_type=\"heading.default\">\n\t\t\t\t<div class=\"elementor-widget-container\">\n\t\t\t<h2 class=\"elementor-heading-title elementor-size-default\">Die M\u00d6GLICHKEITSdenkerin trotzDEM!<\/h2>\t\t<\/div>\n\t\t\t\t<\/div>\n\t\t\t\t<div class=\"elementor-element elementor-element-c6cc94b elementor-align-center elementor-widget elementor-widget-button\" data-id=\"c6cc94b\" data-element_type=\"widget\" data-widget_type=\"button.default\">\n\t\t\t\t<div class=\"elementor-widget-container\">\n\t\t\t\t\t<div class=\"elementor-button-wrapper\">\n\t\t\t<a href=\"#elementor-action%3Aaction%3Dpopup%3Aopen%26settings%3DeyJpZCI6IjIzMyIsInRvZ2dsZSI6ZmFsc2V9\" class=\"elementor-button-link elementor-button elementor-size-xl elementor-animation-sink\" role=\"button\">\n\t\t\t\t\t\t<span class=\"elementor-button-content-wrapper\">\n\t\t\t\t\t\t<span class=\"elementor-button-text\">ANFRAGE & KONTAKT<\/span>\n\t\t<\/span>\n\t\t\t\t\t<\/a>\n\t\t<\/div>\n\t\t\t\t<\/div>\n\t\t\t\t<\/div>\n\t\t\t\t\t\t<\/div>\n\t\t\t\t\t<\/div>\n\t\t<\/div>\n\t\t\t\t\t\t\t\t<\/div>\n\t\t\t\t\t<\/div>\n\t\t<\/section>\n\t\t\t\t<section class=\"elementor-section elementor-top-section elementor-element elementor-element-499964d elementor-section-boxed elementor-section-height-default elementor-section-height-default\" data-id=\"499964d\" data-element_type=\"section\">\n\t\t\t\t\t\t<div class=\"elementor-container elementor-column-gap-default\">\n\t\t\t\t\t\t\t<div class=\"elementor-row\">\n\t\t\t\t\t<div class=\"elementor-column elementor-col-100 elementor-top-column elementor-element elementor-element-354b8ef\" data-id=\"354b8ef\" data-element_type=\"column\">\n\t\t\t<div class=\"elementor-column-wrap elementor-element-populated\">\n\t\t\t\t\t\t\t<div class=\"elementor-widget-wrap\">\n\t\t\t\t\t\t<div class=\"elementor-element elementor-element-e4173f4 elementor-widget elementor-widget-heading\" data-id=\"e4173f4\" data-element_type=\"widget\" data-widget_type=\"heading.default\">\n\t\t\t\t<div class=\"elementor-widget-container\">\n\t\t\t<h2 class=\"elementor-heading-title elementor-size-default\">In den Sozialen Medien:<\/h2>\t\t<\/div>\n\t\t\t\t<\/div>\n\t\t\t\t<div class=\"elementor-element elementor-element-1a44cf2 elementor-shape-circle elementor-grid-0 e-grid-align-center elementor-widget elementor-widget-social-icons\" data-id=\"1a44cf2\" data-element_type=\"widget\" data-widget_type=\"social-icons.default\">\n\t\t\t\t<div class=\"elementor-widget-container\">\n\t\t\t\t\t<div class=\"elementor-social-icons-wrapper elementor-grid\">\n\t\t\t\t\t\t\t<span class=\"elementor-grid-item\">\n\t\t\t\t\t<a class=\"elementor-icon elementor-social-icon elementor-social-icon-facebook-f elementor-repeater-item-96511c6\" href=\"https:\/\/www.facebook.com\/helga.rohra\" target=\"_blank\" rel=\"noopener\">\n\t\t\t\t\t\t<span class=\"elementor-screen-only\">Facebook-f<\/span>\n\t\t\t\t\t\t<i class=\"fab fa-facebook-f\"><\/i>\t\t\t\t\t<\/a>\n\t\t\t\t<\/span>\n\t\t\t\t\t\t\t<span class=\"elementor-grid-item\">\n\t\t\t\t\t<a class=\"elementor-icon elementor-social-icon elementor-social-icon-twitter elementor-repeater-item-8440201\" href=\"https:\/\/twitter.com\/contacthelga\" target=\"_blank\" rel=\"noopener\">\n\t\t\t\t\t\t<span class=\"elementor-screen-only\">Twitter<\/span>\n\t\t\t\t\t\t<i class=\"fab fa-twitter\"><\/i>\t\t\t\t\t<\/a>\n\t\t\t\t<\/span>\n\t\t\t\t\t\t\t<span class=\"elementor-grid-item\">\n\t\t\t\t\t<a class=\"elementor-icon elementor-social-icon elementor-social-icon-youtube elementor-repeater-item-0ce4ce3\" href=\"https:\/\/www.youtube.com\/results?search_query=helga+rohra\" target=\"_blank\" rel=\"noopener\">\n\t\t\t\t\t\t<span class=\"elementor-screen-only\">Youtube<\/span>\n\t\t\t\t\t\t<i class=\"fab fa-youtube\"><\/i>\t\t\t\t\t<\/a>\n\t\t\t\t<\/span>\n\t\t\t\t\t<\/div>\n\t\t\t\t<\/div>\n\t\t\t\t<\/div>\n\t\t\t\t<div class=\"elementor-element elementor-element-95b9b3e elementor-widget elementor-widget-spacer\" data-id=\"95b9b3e\" data-element_type=\"widget\" data-widget_type=\"spacer.default\">\n\t\t\t\t<div class=\"elementor-widget-container\">\n\t\t\t\t\t<div class=\"elementor-spacer\">\n\t\t\t<div class=\"elementor-spacer-inner\"><\/div>\n\t\t<\/div>\n\t\t\t\t<\/div>\n\t\t\t\t<\/div>\n\t\t\t\t<div class=\"elementor-element elementor-element-0a3dde0 elementor-nav-menu__align-center elementor-nav-menu--dropdown-tablet elementor-nav-menu__text-align-aside elementor-nav-menu--toggle elementor-nav-menu--burger elementor-widget elementor-widget-nav-menu\" data-id=\"0a3dde0\" data-element_type=\"widget\" data-settings=\"{&quot;layout&quot;:&quot;horizontal&quot;,&quot;submenu_icon&quot;:{&quot;value&quot;:&quot;&lt;i class=\\&quot;fas fa-caret-down\\&quot;&gt;&lt;\\\/i&gt;&quot;,&quot;library&quot;:&quot;fa-solid&quot;},&quot;toggle&quot;:&quot;burger&quot;}\" data-widget_type=\"nav-menu.default\">\n\t\t\t\t<div class=\"elementor-widget-container\">\n\t\t\t\t\t\t<nav migration_allowed=\"1\" migrated=\"0\" role=\"navigation\" class=\"elementor-nav-menu--main elementor-nav-menu__container elementor-nav-menu--layout-horizontal e--pointer-underline e--animation-fade\">\n\t\t\t\t<ul id=\"menu-1-0a3dde0\" class=\"elementor-nav-menu\"><li class=\"menu-item menu-item-type-post_type menu-item-object-page menu-item-94\"><a href=\"https:\/\/trotzdem.org\/?page_id=22\" class=\"elementor-item\">Startseite<\/a><\/li>\n<li class=\"menu-item menu-item-type-post_type menu-item-object-page menu-item-privacy-policy menu-item-95\"><a href=\"https:\/\/trotzdem.org\/?page_id=55\" class=\"elementor-item\">Datenschutzerkl\u00e4rung<\/a><\/li>\n<li class=\"menu-item menu-item-type-post_type menu-item-object-page menu-item-97\"><a href=\"https:\/\/trotzdem.org\/?page_id=75\" class=\"elementor-item\">Impressum<\/a><\/li>\n<li class=\"menu-item menu-item-type-post_type menu-item-object-page menu-item-205\"><a href=\"https:\/\/trotzdem.org\/?page_id=204\" class=\"elementor-item\">Cookie-Richtlinie (EU)<\/a><\/li>\n<\/ul>\t\t\t<\/nav>\n\t\t\t\t\t<div class=\"elementor-menu-toggle\" role=\"button\" tabindex=\"0\" aria-label=\"Menu Toggle\" aria-expanded=\"false\">\n\t\t\t<i aria-hidden=\"true\" role=\"presentation\" class=\"elementor-menu-toggle__icon--open eicon-menu-bar\"><\/i><i aria-hidden=\"true\" role=\"presentation\" class=\"elementor-menu-toggle__icon--close eicon-close\"><\/i>\t\t\t<span class=\"elementor-screen-only\">Menu<\/span>\n\t\t<\/div>\n\t\t\t<nav class=\"elementor-nav-menu--dropdown elementor-nav-menu__container\" role=\"navigation\" aria-hidden=\"true\">\n\t\t\t\t<ul id=\"menu-2-0a3dde0\" class=\"elementor-nav-menu\"><li class=\"menu-item menu-item-type-post_type menu-item-object-page menu-item-94\"><a href=\"https:\/\/trotzdem.org\/?page_id=22\" class=\"elementor-item\" tabindex=\"-1\">Startseite<\/a><\/li>\n<li class=\"menu-item menu-item-type-post_type menu-item-object-page menu-item-privacy-policy menu-item-95\"><a href=\"https:\/\/trotzdem.org\/?page_id=55\" class=\"elementor-item\" tabindex=\"-1\">Datenschutzerkl\u00e4rung<\/a><\/li>\n<li class=\"menu-item menu-item-type-post_type menu-item-object-page menu-item-97\"><a href=\"https:\/\/trotzdem.org\/?page_id=75\" class=\"elementor-item\" tabindex=\"-1\">Impressum<\/a><\/li>\n<li class=\"menu-item menu-item-type-post_type menu-item-object-page menu-item-205\"><a href=\"https:\/\/trotzdem.org\/?page_id=204\" class=\"elementor-item\" tabindex=\"-1\">Cookie-Richtlinie (EU)<\/a><\/li>\n<\/ul>\t\t\t<\/nav>\n\t\t\t\t<\/div>\n\t\t\t\t<\/div>\n\t\t\t\t<div class=\"elementor-element elementor-element-a06161e elementor-widget elementor-widget-text-editor\" data-id=\"a06161e\" data-element_type=\"widget\" data-widget_type=\"text-editor.default\">\n\t\t\t\t<div class=\"elementor-widget-container\">\n\t\t\t\t\t\t\t\t<div class=\"elementor-text-editor elementor-clearfix\">\n\t\t\t\t<p>\u00a9 2022 trotzDEM.org | Helga Rohra \u2022 Alle Rechte vorbehalten<\/p>\t\t\t\t\t<\/div>\n\t\t\t\t\t\t<\/div>\n\t\t\t\t<\/div>\n\t\t\t\t\t\t<\/div>\n\t\t\t\t\t<\/div>\n\t\t<\/div>\n\t\t\t\t\t\t\t\t<\/div>\n\t\t\t\t\t<\/div>\n\t\t<\/section>\n\t\t\t\t<section class=\"elementor-section elementor-top-section elementor-element elementor-element-7ffa23a elementor-section-boxed elementor-section-height-default elementor-section-height-default\" data-id=\"7ffa23a\" data-element_type=\"section\">\n\t\t\t\t\t\t<div class=\"elementor-container elementor-column-gap-default\">\n\t\t\t\t\t\t\t<div class=\"elementor-row\">\n\t\t\t\t\t<div class=\"elementor-column elementor-col-100 elementor-top-column elementor-element elementor-element-7ab78de\" data-id=\"7ab78de\" data-element_type=\"column\">\n\t\t\t<div class=\"elementor-column-wrap elementor-element-populated\">\n\t\t\t\t\t\t\t<div class=\"elementor-widget-wrap\">\n\t\t\t\t\t\t<div class=\"elementor-element elementor-element-0ce1704 elementor-widget elementor-widget-spacer\" data-id=\"0ce1704\" data-element_type=\"widget\" data-widget_type=\"spacer.default\">\n\t\t\t\t<div class=\"elementor-widget-container\">\n\t\t\t\t\t<div class=\"elementor-spacer\">\n\t\t\t<div class=\"elementor-spacer-inner\"><\/div>\n\t\t<\/div>\n\t\t\t\t<\/div>\n\t\t\t\t<\/div>\n\t\t\t\t\t\t<\/div>\n\t\t\t\t\t<\/div>\n\t\t<\/div>\n\t\t\t\t\t\t\t\t<\/div>\n\t\t\t\t\t<\/div>\n\t\t<\/section>\n\t\t\t\t\t\t\t\t\t<\/div>\n\t\t\t<\/div>\n\t\t\t\t\t<\/div>\n\t\t","protected":false},"excerpt":{"rendered":"<p>Helga Rohra Demenzbetroffene Beratung AutorinSpeaker Ja zum Leben trotzDEM Gedanken und Gef\u00fchlswelt &#8211; in echt Mit uns &#8211; nicht \u00fcber uns! Anfrage &#038; Kontakt Beratung Individuelles Choaching f\u00fcr Sie! Mehr erfahren Vortr\u00e4ge Aktuelle Vortr\u00e4ge und Termine Mehr erfahren trotzDEM \u00dcber mich und das Leben mit Demenz Mehr erfahren Benefits Finden Sie demn\u00e4chst auf unserer Seite! [&hellip;]<\/p>\n","protected":false},"author":3,"featured_media":324,"parent":0,"menu_order":0,"comment_status":"closed","ping_status":"closed","template":"elementor_canvas","meta":[],"_links":{"self":[{"href":"https:\/\/trotzdem.org\/index.php?rest_route=\/wp\/v2\/pages\/144"}],"collection":[{"href":"https:\/\/trotzdem.org\/index.php?rest_route=\/wp\/v2\/pages"}],"about":[{"href":"https:\/\/trotzdem.org\/index.php?rest_route=\/wp\/v2\/types\/page"}],"author":[{"embeddable":true,"href":"https:\/\/trotzdem.org\/index.php?rest_route=\/wp\/v2\/users\/3"}],"replies":[{"embeddable":true,"href":"https:\/\/trotzdem.org\/index.php?rest_route=%2Fwp%2Fv2%2Fcomments&post=144"}],"version-history":[{"count":106,"href":"https:\/\/trotzdem.org\/index.php?rest_route=\/wp\/v2\/pages\/144\/revisions"}],"predecessor-version":[{"id":517,"href":"https:\/\/trotzdem.org\/index.php?rest_route=\/wp\/v2\/pages\/144\/revisions\/517"}],"wp:featuredmedia":[{"embeddable":true,"href":"https:\/\/trotzdem.org\/index.php?rest_route=\/wp\/v2\/media\/324"}],"wp:attachment":[{"href":"https:\/\/trotzdem.org\/index.php?rest_route=%2Fwp%2Fv2%2Fmedia&parent=144"}],"curies":[{"name":"wp","href":"https:\/\/api.w.org\/{rel}","templated":true}]}}